{"id":20284,"date":"2020-05-29T09:48:22","date_gmt":"2020-05-29T08:48:22","guid":{"rendered":"https:\/\/www.servidormix.com\/montemuroepaiva\/?page_id=20284"},"modified":"2021-01-22T16:13:53","modified_gmt":"2021-01-22T16:13:53","slug":"uniao-das-freguesias-de-reriz-e-gafanhao","status":"publish","type":"page","link":"https:\/\/www.servidormix.com\/montemuroepaiva\/uniao-das-freguesias-de-reriz-e-gafanhao\/","title":{"rendered":"Uni\u00e3o das Freguesias de Reriz e Gafanh\u00e3o"},"content":{"rendered":"\t\t<div data-elementor-type=\"wp-page\" data-elementor-id=\"20284\" class=\"elementor elementor-20284\" data-elementor-settings=\"[]\">\n\t\t\t\t\t\t<div class=\"elementor-inner\">\n\t\t\t\t\t\t\t<div class=\"elementor-section-wrap\">\n\t\t\t\t\t\t\t<section class=\"elementor-section elementor-top-section elementor-element elementor-element-6bad5c5 elementor-section-stretched elementor-section-boxed elementor-section-height-default elementor-section-height-default\" data-id=\"6bad5c5\" data-element_type=\"section\" data-settings=\"{&quot;stretch_section&quot;:&quot;section-stretched&quot;,&quot;background_background&quot;:&quot;classic&quot;,&quot;background_motion_fx_motion_fx_scrolling&quot;:&quot;yes&quot;,&quot;background_motion_fx_translateY_effect&quot;:&quot;yes&quot;,&quot;background_motion_fx_translateY_speed&quot;:{&quot;unit&quot;:&quot;px&quot;,&quot;size&quot;:4,&quot;sizes&quot;:[]},&quot;background_motion_fx_translateY_affectedRange&quot;:{&quot;unit&quot;:&quot;%&quot;,&quot;size&quot;:&quot;&quot;,&quot;sizes&quot;:{&quot;start&quot;:0,&quot;end&quot;:100}},&quot;background_motion_fx_devices&quot;:[&quot;desktop&quot;,&quot;tablet&quot;,&quot;mobile&quot;]}\">\n\t\t\t\t\t\t\t<div class=\"elementor-background-overlay\"><\/div>\n\t\t\t\t\t\t\t<div class=\"elementor-container elementor-column-gap-default\">\n\t\t\t\t\t\t\t<div class=\"elementor-row\">\n\t\t\t\t\t<div class=\"elementor-column elementor-col-100 elementor-top-column elementor-element elementor-element-a5d794b\" data-id=\"a5d794b\" data-element_type=\"column\">\n\t\t\t<div class=\"elementor-column-wrap elementor-element-populated\">\n\t\t\t\t\t\t\t<div class=\"elementor-widget-wrap\">\n\t\t\t\t\t\t<div class=\"elementor-element elementor-element-855a684 elementor-widget elementor-widget-heading\" data-id=\"855a684\" data-element_type=\"widget\" data-widget_type=\"heading.default\">\n\t\t\t\t<div class=\"elementor-widget-container\">\n\t\t\t<h4 class=\"elementor-heading-title elementor-size-default\">UNI\u00c3O DE freguesiaS de<\/h4>\t\t<\/div>\n\t\t\t\t<\/div>\n\t\t\t\t<div class=\"elementor-element elementor-element-8c2ab08 elementor-widget elementor-widget-heading\" data-id=\"8c2ab08\" data-element_type=\"widget\" data-widget_type=\"heading.default\">\n\t\t\t\t<div class=\"elementor-widget-container\">\n\t\t\t<h2 class=\"elementor-heading-title elementor-size-default\">Reriz\n<br>e Gafanh\u00e3o<br><\/h2>\t\t<\/div>\n\t\t\t\t<\/div>\n\t\t\t\t\t\t<\/div>\n\t\t\t\t\t<\/div>\n\t\t<\/div>\n\t\t\t\t\t\t\t\t<\/div>\n\t\t\t\t\t<\/div>\n\t\t<\/section>\n\t\t\t\t<section class=\"elementor-section elementor-top-section elementor-element elementor-element-09bf0a5 elementor-section-stretched elementor-section-content-top elementor-section-boxed elementor-section-height-default elementor-section-height-default elementor-invisible\" data-id=\"09bf0a5\" data-element_type=\"section\" data-settings=\"{&quot;stretch_section&quot;:&quot;section-stretched&quot;,&quot;background_background&quot;:&quot;classic&quot;,&quot;animation&quot;:&quot;fadeInUp&quot;}\">\n\t\t\t\t\t\t\t<div class=\"elementor-background-overlay\"><\/div>\n\t\t\t\t\t\t\t<div class=\"elementor-container elementor-column-gap-wider\">\n\t\t\t\t\t\t\t<div class=\"elementor-row\">\n\t\t\t\t\t<div class=\"elementor-column elementor-col-50 elementor-top-column elementor-element elementor-element-25af517\" data-id=\"25af517\" data-element_type=\"column\">\n\t\t\t<div class=\"elementor-column-wrap elementor-element-populated\">\n\t\t\t\t\t\t\t<div class=\"elementor-widget-wrap\">\n\t\t\t\t\t\t<div class=\"elementor-element elementor-element-58c51dd elementor-widget elementor-widget-image\" data-id=\"58c51dd\" data-element_type=\"widget\" data-widget_type=\"image.default\">\n\t\t\t\t<div class=\"elementor-widget-container\">\n\t\t\t\t\t<div class=\"elementor-image\">\n\t\t\t\t\t\t\t\t\t\t<img width=\"680\" height=\"276\" src=\"https:\/\/www.servidormix.com\/montemuroepaiva\/wp-content\/uploads\/2021\/01\/Reriz_freguesia.png\" class=\"attachment-large size-large\" alt=\"\" loading=\"lazy\" srcset=\"https:\/\/www.servidormix.com\/montemuroepaiva\/wp-content\/uploads\/2021\/01\/Reriz_freguesia.png 680w, https:\/\/www.servidormix.com\/montemuroepaiva\/wp-content\/uploads\/2021\/01\/Reriz_freguesia-300x122.png 300w, https:\/\/www.servidormix.com\/montemuroepaiva\/wp-content\/uploads\/2021\/01\/Reriz_freguesia-450x183.png 450w, https:\/\/www.servidormix.com\/montemuroepaiva\/wp-content\/uploads\/2021\/01\/Reriz_freguesia-600x244.png 600w\" sizes=\"(max-width: 680px) 100vw, 680px\" \/>\t\t\t\t\t\t\t\t\t\t\t<\/div>\n\t\t\t\t<\/div>\n\t\t\t\t<\/div>\n\t\t\t\t\t\t<\/div>\n\t\t\t\t\t<\/div>\n\t\t<\/div>\n\t\t\t\t<div class=\"elementor-column elementor-col-50 elementor-top-column elementor-element elementor-element-166d7ea\" data-id=\"166d7ea\" data-element_type=\"column\">\n\t\t\t<div class=\"elementor-column-wrap elementor-element-populated\">\n\t\t\t\t\t\t\t<div class=\"elementor-widget-wrap\">\n\t\t\t\t\t\t<div class=\"elementor-element elementor-element-b819f3b elementor-widget elementor-widget-text-editor\" data-id=\"b819f3b\" data-element_type=\"widget\" data-widget_type=\"text-editor.default\">\n\t\t\t\t<div class=\"elementor-widget-container\">\n\t\t\t\t\t<div class=\"elementor-text-editor elementor-clearfix\"><p>A Uni\u00e3o das Freguesias foi constitu\u00edda em 2013, no \u00e2mbito da Reforma Administrativa Nacional pela agrega\u00e7\u00e3o das ent\u00e3o freguesias de Reriz e Gafanh\u00e3o. Em termos populacionais tem 883 habitantes, e uma \u00e1rea de 2261,94ha. A sua sede localiza-se em Reriz. Localidades pertencentes \u00e0 Uni\u00e3o das Freguesias:<\/p>\n<p>&nbsp;Reriz: Carvalhal, Casal, Casal Bom, Cortinhas, Escabriada, Fandinga, Fonte do Seixo, Insuas, Mid\u00f5es, P\u00f3voa, P\u00f3voa do Veado, Quintas (da Carri\u00e7a, da Boa Vista, da Mota, da Redou\u00e7a, das Fonta\u00ednhas, das Insuas, de Rodes, de Souto Pinheiro, do Aguincho, do Azinheiro, do Fundo do Lombo, do Prado, do Rabelo, dos Pensais), Reriz, Savariz, Solgos, Veado;<\/p>\n<p>&nbsp;Gafanh\u00e3o: Al\u00e9m do Rio, Av\u00f4, Cabe\u00e7os, Casal, Gafanh\u00e3o, Grij\u00f3, Lob\u00edzios, Lomba da Av\u00f3, Lomba dos Ferreiros, Pa\u00e7al, Raso, Santo Est\u00eav\u00e3o, Vila e Vinha Dorna.<\/p>\n<p>Segundo dados hist\u00f3ricos a ent\u00e3o freguesia de Reriz tem uma popula\u00e7\u00e3o bastante antiga. D. Manuel I concedeu-lhe foral a 9 de Maio de 1514, em Lisboa. Sabe-se que os Castros das Treze Arruelas, senhores de Resende, foram donat\u00e1rios desta terra. At\u00e9 1834 foi cabe\u00e7a de concelho, ap\u00f3s a sua extin\u00e7\u00e3o anexou-se ao concelho de Sul. Em 1855 este foi suprimido e integrou-se no concelho de Castro Daire. A encimar a localidade, no monte das Cabe\u00e7adas, encontra-se a antiqu\u00edssima ermida de Nossa Senhora de Rodes. Esta foi fundada por Leovigildo Pires de Almidra, c\u00e9lebre eremit\u00e3o, que provavelmente ser\u00e1 do ano de 1140.<\/p>\n<p>Nos finais do s\u00e9culo XI e in\u00edcios do s\u00e9culo XII, o territ\u00f3rio, onde se encontra a ent\u00e3o freguesia de Gafanh\u00e3o, pertencia a um latifundi\u00e1rio medieval \u2013 Jo\u00e3o Gondesendes. Nesta altura a designa\u00e7\u00e3o desta terra era de Cavanon. Pertencia \u00e0 terra de Laf\u00f5es, donde se excluiu, porque D. Manuel a tornou numa Vila de funda\u00e7\u00e3o r\u00e9gia por carta de 1505. Possivelmente esta desanexa\u00e7\u00e3o ter\u00e1 resultado num longo lit\u00edgio com Laf\u00f5es, uma vez que a nova vila ficou totalmente desligada de todos os compromissos que tinha anteriormente.<\/p>\n<p>Como se tornou num concelho r\u00e9gio foi frequentemente doado. Foram seus senhores: Jo\u00e3o Nunes, Ant\u00f3nio Costa Soares, em 1636, Bento Jos\u00e9 Barreto Vasconcelos Corte Real, na segunda metade do s\u00e9culo XVIII.<\/p>\n<p>Todos eles eram de fora o que n\u00e3o beneficiou o concelho. A igreja, nos finais do s\u00e9culo XVIII, sofreu grandes altera\u00e7\u00f5es nas suas obras, o que resultou um trabalho final singelo do seu altar-mor e ret\u00e1bulo, destacando-se o portal em arco quebrado e arestas biseladas, poss\u00edveis da constru\u00e7\u00e3o quatrocentista. O seu interior encontra-se adornado de imagens de arte sacra com grande valor, s\u00e3o elas imagens da Padroeira, Nossa Sra. do Pranto, imagem de madeira estofada da Senhora das Dores, do Ros\u00e1rio e S. Sebasti\u00e3o. Ostenta, ainda, em prata uma coroa da Senhora do Pranto do s\u00e9culo XVI e uma Cruz processional.<\/p><\/div>\n\t\t\t\t<\/div>\n\t\t\t\t<\/div>\n\t\t\t\t\t\t<\/div>\n\t\t\t\t\t<\/div>\n\t\t<\/div>\n\t\t\t\t\t\t\t\t<\/div>\n\t\t\t\t\t<\/div>\n\t\t<\/section>\n\t\t\t\t<section class=\"elementor-section elementor-top-section elementor-element elementor-element-2df0387 elementor-section-boxed elementor-section-height-default elementor-section-height-default\" data-id=\"2df0387\" data-element_type=\"section\">\n\t\t\t\t\t\t<div class=\"elementor-container elementor-column-gap-default\">\n\t\t\t\t\t\t\t<div class=\"elementor-row\">\n\t\t\t\t\t<div class=\"elementor-column elementor-col-100 elementor-top-column elementor-element elementor-element-b1f8dcf\" data-id=\"b1f8dcf\" data-element_type=\"column\">\n\t\t\t<div class=\"elementor-column-wrap elementor-element-populated\">\n\t\t\t\t\t\t\t<div class=\"elementor-widget-wrap\">\n\t\t\t\t\t\t<div class=\"elementor-element elementor-element-e4fafef elementor-widget elementor-widget-google_maps\" data-id=\"e4fafef\" data-element_type=\"widget\" data-widget_type=\"google_maps.default\">\n\t\t\t\t<div class=\"elementor-widget-container\">\n\t\t\t<div class=\"elementor-custom-embed\"><iframe frameborder=\"0\" scrolling=\"no\" marginheight=\"0\" marginwidth=\"0\" src=\"https:\/\/maps.google.com\/maps?q=UNI%C3%83O%20DAS%20FREGUESIAS%20DE%20RERIZ%20E%20GAFANH%C3%83O&amp;t=m&amp;z=13&amp;output=embed&amp;iwloc=near\" title=\"UNI\u00c3O DAS FREGUESIAS DE RERIZ E GAFANH\u00c3O\" aria-label=\"UNI\u00c3O DAS FREGUESIAS DE RERIZ E GAFANH\u00c3O\"><\/iframe><\/div>\t\t<\/div>\n\t\t\t\t<\/div>\n\t\t\t\t\t\t<\/div>\n\t\t\t\t\t<\/div>\n\t\t<\/div>\n\t\t\t\t\t\t\t\t<\/div>\n\t\t\t\t\t<\/div>\n\t\t<\/section>\n\t\t\t\t\t\t<\/div>\n\t\t\t\t\t\t<\/div>\n\t\t\t\t\t<\/div>\n\t\t","protected":false},"excerpt":{"rendered":"<p>UNI\u00c3O DE freguesiaS de Reriz e Gafanh\u00e3o A Uni\u00e3o das Freguesias foi constitu\u00edda em 2013, no \u00e2mbito da Reforma Administrativa Nacional pela agrega\u00e7\u00e3o das ent\u00e3o freguesias de Reriz e Gafanh\u00e3o. Em termos populacionais tem 883 habitantes, e uma \u00e1rea de 2261,94ha. A sua sede localiza-se em Reriz. Localidades pertencentes \u00e0 Uni\u00e3o das Freguesias: &nbsp;Reriz: Carvalhal, [&hellip;]<\/p>\n","protected":false},"author":1,"featured_media":0,"parent":0,"menu_order":0,"comment_status":"closed","ping_status":"closed","template":"","meta":[],"_links":{"self":[{"href":"https:\/\/www.servidormix.com\/montemuroepaiva\/wp-json\/wp\/v2\/pages\/20284"}],"collection":[{"href":"https:\/\/www.servidormix.com\/montemuroepaiva\/wp-json\/wp\/v2\/pages"}],"about":[{"href":"https:\/\/www.servidormix.com\/montemuroepaiva\/wp-json\/wp\/v2\/types\/page"}],"author":[{"embeddable":true,"href":"https:\/\/www.servidormix.com\/montemuroepaiva\/wp-json\/wp\/v2\/users\/1"}],"replies":[{"embeddable":true,"href":"https:\/\/www.servidormix.com\/montemuroepaiva\/wp-json\/wp\/v2\/comments?post=20284"}],"version-history":[{"count":8,"href":"https:\/\/www.servidormix.com\/montemuroepaiva\/wp-json\/wp\/v2\/pages\/20284\/revisions"}],"predecessor-version":[{"id":23866,"href":"https:\/\/www.servidormix.com\/montemuroepaiva\/wp-json\/wp\/v2\/pages\/20284\/revisions\/23866"}],"wp:attachment":[{"href":"https:\/\/www.servidormix.com\/montemuroepaiva\/wp-json\/wp\/v2\/media?parent=20284"}],"curies":[{"name":"wp","href":"https:\/\/api.w.org\/{rel}","templated":true}]}}