{"id":20288,"date":"2020-05-29T09:50:28","date_gmt":"2020-05-29T08:50:28","guid":{"rendered":"https:\/\/www.servidormix.com\/montemuroepaiva\/?page_id=20288"},"modified":"2021-02-24T14:16:27","modified_gmt":"2021-02-24T14:16:27","slug":"freguesia-de-pinheiro","status":"publish","type":"page","link":"https:\/\/www.servidormix.com\/montemuroepaiva\/freguesia-de-pinheiro\/","title":{"rendered":"Freguesia de Pinheiro"},"content":{"rendered":"\t\t<div data-elementor-type=\"wp-page\" data-elementor-id=\"20288\" class=\"elementor elementor-20288\" data-elementor-settings=\"[]\">\n\t\t\t\t\t\t<div class=\"elementor-inner\">\n\t\t\t\t\t\t\t<div class=\"elementor-section-wrap\">\n\t\t\t\t\t\t\t<section class=\"elementor-section elementor-top-section elementor-element elementor-element-6bad5c5 elementor-section-stretched elementor-section-boxed elementor-section-height-default elementor-section-height-default\" data-id=\"6bad5c5\" data-element_type=\"section\" data-settings=\"{&quot;stretch_section&quot;:&quot;section-stretched&quot;,&quot;background_background&quot;:&quot;classic&quot;,&quot;background_motion_fx_motion_fx_scrolling&quot;:&quot;yes&quot;,&quot;background_motion_fx_translateY_effect&quot;:&quot;yes&quot;,&quot;background_motion_fx_translateY_speed&quot;:{&quot;unit&quot;:&quot;px&quot;,&quot;size&quot;:4,&quot;sizes&quot;:[]},&quot;background_motion_fx_translateY_affectedRange&quot;:{&quot;unit&quot;:&quot;%&quot;,&quot;size&quot;:&quot;&quot;,&quot;sizes&quot;:{&quot;start&quot;:0,&quot;end&quot;:100}},&quot;background_motion_fx_devices&quot;:[&quot;desktop&quot;,&quot;tablet&quot;,&quot;mobile&quot;]}\">\n\t\t\t\t\t\t\t<div class=\"elementor-background-overlay\"><\/div>\n\t\t\t\t\t\t\t<div class=\"elementor-container elementor-column-gap-default\">\n\t\t\t\t\t\t\t<div class=\"elementor-row\">\n\t\t\t\t\t<div class=\"elementor-column elementor-col-100 elementor-top-column elementor-element elementor-element-a5d794b\" data-id=\"a5d794b\" data-element_type=\"column\">\n\t\t\t<div class=\"elementor-column-wrap elementor-element-populated\">\n\t\t\t\t\t\t\t<div class=\"elementor-widget-wrap\">\n\t\t\t\t\t\t<div class=\"elementor-element elementor-element-855a684 elementor-widget elementor-widget-heading\" data-id=\"855a684\" data-element_type=\"widget\" data-widget_type=\"heading.default\">\n\t\t\t\t<div class=\"elementor-widget-container\">\n\t\t\t<h4 class=\"elementor-heading-title elementor-size-default\">freguesia de<\/h4>\t\t<\/div>\n\t\t\t\t<\/div>\n\t\t\t\t<div class=\"elementor-element elementor-element-8c2ab08 elementor-widget elementor-widget-heading\" data-id=\"8c2ab08\" data-element_type=\"widget\" data-widget_type=\"heading.default\">\n\t\t\t\t<div class=\"elementor-widget-container\">\n\t\t\t<h2 class=\"elementor-heading-title elementor-size-default\"><b> Pinheiro<\/b><\/h2>\t\t<\/div>\n\t\t\t\t<\/div>\n\t\t\t\t\t\t<\/div>\n\t\t\t\t\t<\/div>\n\t\t<\/div>\n\t\t\t\t\t\t\t\t<\/div>\n\t\t\t\t\t<\/div>\n\t\t<\/section>\n\t\t\t\t<section class=\"elementor-section elementor-top-section elementor-element elementor-element-09bf0a5 elementor-section-stretched elementor-section-content-top elementor-section-boxed elementor-section-height-default elementor-section-height-default elementor-invisible\" data-id=\"09bf0a5\" data-element_type=\"section\" data-settings=\"{&quot;stretch_section&quot;:&quot;section-stretched&quot;,&quot;background_background&quot;:&quot;classic&quot;,&quot;animation&quot;:&quot;fadeInUp&quot;}\">\n\t\t\t\t\t\t\t<div class=\"elementor-background-overlay\"><\/div>\n\t\t\t\t\t\t\t<div class=\"elementor-container elementor-column-gap-wider\">\n\t\t\t\t\t\t\t<div class=\"elementor-row\">\n\t\t\t\t\t<div class=\"elementor-column elementor-col-50 elementor-top-column elementor-element elementor-element-25af517\" data-id=\"25af517\" data-element_type=\"column\">\n\t\t\t<div class=\"elementor-column-wrap elementor-element-populated\">\n\t\t\t\t\t\t\t<div class=\"elementor-widget-wrap\">\n\t\t\t\t\t\t<div class=\"elementor-element elementor-element-58c51dd elementor-widget elementor-widget-image\" data-id=\"58c51dd\" data-element_type=\"widget\" data-widget_type=\"image.default\">\n\t\t\t\t<div class=\"elementor-widget-container\">\n\t\t\t\t\t<div class=\"elementor-image\">\n\t\t\t\t\t\t\t\t\t\t<img width=\"1024\" height=\"768\" src=\"https:\/\/www.servidormix.com\/montemuroepaiva\/wp-content\/uploads\/2021\/01\/Ponte-de-Pinheiro-1024x768.jpg\" class=\"attachment-large size-large\" alt=\"\" loading=\"lazy\" srcset=\"https:\/\/www.servidormix.com\/montemuroepaiva\/wp-content\/uploads\/2021\/01\/Ponte-de-Pinheiro-1024x768.jpg 1024w, https:\/\/www.servidormix.com\/montemuroepaiva\/wp-content\/uploads\/2021\/01\/Ponte-de-Pinheiro-300x225.jpg 300w, https:\/\/www.servidormix.com\/montemuroepaiva\/wp-content\/uploads\/2021\/01\/Ponte-de-Pinheiro-768x576.jpg 768w, https:\/\/www.servidormix.com\/montemuroepaiva\/wp-content\/uploads\/2021\/01\/Ponte-de-Pinheiro-1536x1152.jpg 1536w, https:\/\/www.servidormix.com\/montemuroepaiva\/wp-content\/uploads\/2021\/01\/Ponte-de-Pinheiro-2048x1536.jpg 2048w, https:\/\/www.servidormix.com\/montemuroepaiva\/wp-content\/uploads\/2021\/01\/Ponte-de-Pinheiro-450x338.jpg 450w, https:\/\/www.servidormix.com\/montemuroepaiva\/wp-content\/uploads\/2021\/01\/Ponte-de-Pinheiro-1067x800.jpg 1067w, https:\/\/www.servidormix.com\/montemuroepaiva\/wp-content\/uploads\/2021\/01\/Ponte-de-Pinheiro-600x450.jpg 600w\" sizes=\"(max-width: 1024px) 100vw, 1024px\" \/>\t\t\t\t\t\t\t\t\t\t\t<\/div>\n\t\t\t\t<\/div>\n\t\t\t\t<\/div>\n\t\t\t\t\t\t<\/div>\n\t\t\t\t\t<\/div>\n\t\t<\/div>\n\t\t\t\t<div class=\"elementor-column elementor-col-50 elementor-top-column elementor-element elementor-element-166d7ea\" data-id=\"166d7ea\" data-element_type=\"column\">\n\t\t\t<div class=\"elementor-column-wrap elementor-element-populated\">\n\t\t\t\t\t\t\t<div class=\"elementor-widget-wrap\">\n\t\t\t\t\t\t<div class=\"elementor-element elementor-element-b819f3b elementor-widget elementor-widget-text-editor\" data-id=\"b819f3b\" data-element_type=\"widget\" data-widget_type=\"text-editor.default\">\n\t\t\t\t<div class=\"elementor-widget-container\">\n\t\t\t\t\t<div class=\"elementor-text-editor elementor-clearfix\"><p>Fica a uma dist\u00e2ncia de 8 quil\u00f3metros do concelho e ocupa uma \u00e1rea de 1 959,61 hectares. Fazem parte desta freguesia as povoa\u00e7\u00f5es de: Cetos, Desfeita, Mo\u00e7\u00e3o, Pereira, Pinheiro, Portela de Ribas, P\u00f3voa, P\u00f3voa de Montemuro, Ribas, Trancoso, V\u00e1rzea Longa, Vila Nova e Vila Seca \u2013 868 habitantes. No s\u00e9culo XIII, Pinheiro era par\u00f3quia da chamada Terra de Mo\u00e7\u00e3o, estando sujeitas a pesados tributos em g\u00e9neros e at\u00e9 em dinheiro. A ent\u00e3o designada par\u00f3quia de S. Jo\u00e3o Baptista de Pinheiro de Paiva ou, ent\u00e3o, S. Jo\u00e3o de Pinheiro de Paiva j\u00e1 pertencia \u00e0 primitiva diocese de Lamego chamando-se Cantabrano, assim est\u00e1 mencionado no \u201cParachiale\u201d su\u00e9vico do s\u00e9culo VI.<\/p><p>Desta forma, as origens desta freguesia remontam \u00e0 \u00e9poca da ocupa\u00e7\u00e3o germ\u00e2nica e nos prim\u00f3rdios da cristianiza\u00e7\u00e3o desta regi\u00e3o. Sabe-se que foi depois da funda\u00e7\u00e3o da Nacionalidade que o povoamento foi feito nesta freguesia, atrav\u00e9s de casais que pertenciam, na sua totalidade, ao rei (reguengos). No s\u00e9culo XVI, D. Manuel reforma o foral de Mo\u00e7\u00e3o e concede foral a Pinheiro, a 13 de Junho de 1514 em Lisboa. Nesta altura, a popula\u00e7\u00e3o de Pinheiro era formada por dez casais agr\u00edcolas e cada um pagava ao rei vinte alqueires de p\u00e3o, trigo, cevada ou milho, centeio, pelo linho tr\u00eas \u201cmanadas\u201d (m\u00e3o cheia) e quarenta reais. Os maninhos e montados pertenciam ao concelho e o gado do vento (perdido) era direito r\u00e9gio.<\/p><p>O foral dado a Pinheiro era uma r\u00e9plica do de Lamego que serviu de minuta para outros, o que demonstra a import\u00e2ncia de Lamego nesta altura. O monumento a destacar \u00e9 a sua igreja constitu\u00edda por dois corpos, a capela-mor e a parte do corpo da igreja alongada em 1713. Na altura das Inquiri\u00e7\u00f5es, em 1258, o juiz da Terra de Mo\u00e7\u00e3o confirma a posse da igreja e a par\u00f3quia \u00e0 coroa r\u00e9gia. Ent\u00e3o, em 1517, D. Manuel doou-a como Comenda \u00e0 Ordem de Cristo, autorizado pelo Papa Le\u00e3o X.<\/p><\/div>\n\t\t\t\t<\/div>\n\t\t\t\t<\/div>\n\t\t\t\t\t\t<\/div>\n\t\t\t\t\t<\/div>\n\t\t<\/div>\n\t\t\t\t\t\t\t\t<\/div>\n\t\t\t\t\t<\/div>\n\t\t<\/section>\n\t\t\t\t<section class=\"elementor-section elementor-top-section elementor-element elementor-element-2df0387 elementor-section-boxed elementor-section-height-default elementor-section-height-default\" data-id=\"2df0387\" data-element_type=\"section\">\n\t\t\t\t\t\t<div class=\"elementor-container elementor-column-gap-default\">\n\t\t\t\t\t\t\t<div class=\"elementor-row\">\n\t\t\t\t\t<div class=\"elementor-column elementor-col-100 elementor-top-column elementor-element elementor-element-b1f8dcf\" data-id=\"b1f8dcf\" data-element_type=\"column\">\n\t\t\t<div class=\"elementor-column-wrap elementor-element-populated\">\n\t\t\t\t\t\t\t<div class=\"elementor-widget-wrap\">\n\t\t\t\t\t\t<div class=\"elementor-element elementor-element-e4fafef elementor-widget elementor-widget-google_maps\" data-id=\"e4fafef\" data-element_type=\"widget\" data-widget_type=\"google_maps.default\">\n\t\t\t\t<div class=\"elementor-widget-container\">\n\t\t\t<div class=\"elementor-custom-embed\"><iframe frameborder=\"0\" scrolling=\"no\" marginheight=\"0\" marginwidth=\"0\" src=\"https:\/\/maps.google.com\/maps?q=FREGUESIA%20DE%20PINHEIRO%2C%20castro%20daire&amp;t=m&amp;z=13&amp;output=embed&amp;iwloc=near\" title=\"FREGUESIA DE PINHEIRO, castro daire\" aria-label=\"FREGUESIA DE PINHEIRO, castro daire\"><\/iframe><\/div>\t\t<\/div>\n\t\t\t\t<\/div>\n\t\t\t\t\t\t<\/div>\n\t\t\t\t\t<\/div>\n\t\t<\/div>\n\t\t\t\t\t\t\t\t<\/div>\n\t\t\t\t\t<\/div>\n\t\t<\/section>\n\t\t\t\t\t\t<\/div>\n\t\t\t\t\t\t<\/div>\n\t\t\t\t\t<\/div>\n\t\t","protected":false},"excerpt":{"rendered":"<p>freguesia de Pinheiro Fica a uma dist\u00e2ncia de 8 quil\u00f3metros do concelho e ocupa uma \u00e1rea de 1 959,61 hectares. Fazem parte desta freguesia as povoa\u00e7\u00f5es de: Cetos, Desfeita, Mo\u00e7\u00e3o, Pereira, Pinheiro, Portela de Ribas, P\u00f3voa, P\u00f3voa de Montemuro, Ribas, Trancoso, V\u00e1rzea Longa, Vila Nova e Vila Seca \u2013 868 habitantes. No s\u00e9culo XIII, Pinheiro [&hellip;]<\/p>\n","protected":false},"author":1,"featured_media":20216,"parent":0,"menu_order":0,"comment_status":"closed","ping_status":"closed","template":"","meta":[],"_links":{"self":[{"href":"https:\/\/www.servidormix.com\/montemuroepaiva\/wp-json\/wp\/v2\/pages\/20288"}],"collection":[{"href":"https:\/\/www.servidormix.com\/montemuroepaiva\/wp-json\/wp\/v2\/pages"}],"about":[{"href":"https:\/\/www.servidormix.com\/montemuroepaiva\/wp-json\/wp\/v2\/types\/page"}],"author":[{"embeddable":true,"href":"https:\/\/www.servidormix.com\/montemuroepaiva\/wp-json\/wp\/v2\/users\/1"}],"replies":[{"embeddable":true,"href":"https:\/\/www.servidormix.com\/montemuroepaiva\/wp-json\/wp\/v2\/comments?post=20288"}],"version-history":[{"count":10,"href":"https:\/\/www.servidormix.com\/montemuroepaiva\/wp-json\/wp\/v2\/pages\/20288\/revisions"}],"predecessor-version":[{"id":24483,"href":"https:\/\/www.servidormix.com\/montemuroepaiva\/wp-json\/wp\/v2\/pages\/20288\/revisions\/24483"}],"wp:featuredmedia":[{"embeddable":true,"href":"https:\/\/www.servidormix.com\/montemuroepaiva\/wp-json\/wp\/v2\/media\/20216"}],"wp:attachment":[{"href":"https:\/\/www.servidormix.com\/montemuroepaiva\/wp-json\/wp\/v2\/media?parent=20288"}],"curies":[{"name":"wp","href":"https:\/\/api.w.org\/{rel}","templated":true}]}}