{"id":20322,"date":"2020-05-29T10:18:03","date_gmt":"2020-05-29T09:18:03","guid":{"rendered":"https:\/\/www.servidormix.com\/montemuroepaiva\/?page_id=20322"},"modified":"2020-08-27T18:48:10","modified_gmt":"2020-08-27T17:48:10","slug":"uniao-das-freguesias-de-picao-e-ermida","status":"publish","type":"page","link":"https:\/\/www.servidormix.com\/montemuroepaiva\/uniao-das-freguesias-de-picao-e-ermida\/","title":{"rendered":"Uni\u00e3o das Freguesias de Pic\u00e3o e Ermida"},"content":{"rendered":"\t\t<div data-elementor-type=\"wp-page\" data-elementor-id=\"20322\" class=\"elementor elementor-20322\" data-elementor-settings=\"[]\">\n\t\t\t\t\t\t<div class=\"elementor-inner\">\n\t\t\t\t\t\t\t<div class=\"elementor-section-wrap\">\n\t\t\t\t\t\t\t<section class=\"elementor-section elementor-top-section elementor-element elementor-element-6bad5c5 elementor-section-stretched elementor-section-boxed elementor-section-height-default elementor-section-height-default\" data-id=\"6bad5c5\" data-element_type=\"section\" data-settings=\"{&quot;stretch_section&quot;:&quot;section-stretched&quot;,&quot;background_background&quot;:&quot;classic&quot;,&quot;background_motion_fx_motion_fx_scrolling&quot;:&quot;yes&quot;,&quot;background_motion_fx_translateY_effect&quot;:&quot;yes&quot;,&quot;background_motion_fx_translateY_speed&quot;:{&quot;unit&quot;:&quot;px&quot;,&quot;size&quot;:4,&quot;sizes&quot;:[]},&quot;background_motion_fx_translateY_affectedRange&quot;:{&quot;unit&quot;:&quot;%&quot;,&quot;size&quot;:&quot;&quot;,&quot;sizes&quot;:{&quot;start&quot;:0,&quot;end&quot;:100}},&quot;background_motion_fx_devices&quot;:[&quot;desktop&quot;,&quot;tablet&quot;,&quot;mobile&quot;]}\">\n\t\t\t\t\t\t\t<div class=\"elementor-background-overlay\"><\/div>\n\t\t\t\t\t\t\t<div class=\"elementor-container elementor-column-gap-default\">\n\t\t\t\t\t\t\t<div class=\"elementor-row\">\n\t\t\t\t\t<div class=\"elementor-column elementor-col-100 elementor-top-column elementor-element elementor-element-a5d794b\" data-id=\"a5d794b\" data-element_type=\"column\">\n\t\t\t<div class=\"elementor-column-wrap elementor-element-populated\">\n\t\t\t\t\t\t\t<div class=\"elementor-widget-wrap\">\n\t\t\t\t\t\t<div class=\"elementor-element elementor-element-855a684 elementor-widget elementor-widget-heading\" data-id=\"855a684\" data-element_type=\"widget\" data-widget_type=\"heading.default\">\n\t\t\t\t<div class=\"elementor-widget-container\">\n\t\t\t<h4 class=\"elementor-heading-title elementor-size-default\">UNI\u00c3O DE freguesiaS de<\/h4>\t\t<\/div>\n\t\t\t\t<\/div>\n\t\t\t\t<div class=\"elementor-element elementor-element-8c2ab08 elementor-widget elementor-widget-heading\" data-id=\"8c2ab08\" data-element_type=\"widget\" data-widget_type=\"heading.default\">\n\t\t\t\t<div class=\"elementor-widget-container\">\n\t\t\t<h2 class=\"elementor-heading-title elementor-size-default\"><b>Pic\u00e3o\n<br>e Ermida<\/b><br><\/h2>\t\t<\/div>\n\t\t\t\t<\/div>\n\t\t\t\t\t\t<\/div>\n\t\t\t\t\t<\/div>\n\t\t<\/div>\n\t\t\t\t\t\t\t\t<\/div>\n\t\t\t\t\t<\/div>\n\t\t<\/section>\n\t\t\t\t<section class=\"elementor-section elementor-top-section elementor-element elementor-element-09bf0a5 elementor-section-stretched elementor-section-content-top elementor-section-boxed elementor-section-height-default elementor-section-height-default elementor-invisible\" data-id=\"09bf0a5\" data-element_type=\"section\" data-settings=\"{&quot;stretch_section&quot;:&quot;section-stretched&quot;,&quot;background_background&quot;:&quot;classic&quot;,&quot;animation&quot;:&quot;fadeInUp&quot;}\">\n\t\t\t\t\t\t\t<div class=\"elementor-background-overlay\"><\/div>\n\t\t\t\t\t\t\t<div class=\"elementor-container elementor-column-gap-wider\">\n\t\t\t\t\t\t\t<div class=\"elementor-row\">\n\t\t\t\t\t<div class=\"elementor-column elementor-col-50 elementor-top-column elementor-element elementor-element-25af517\" data-id=\"25af517\" data-element_type=\"column\">\n\t\t\t<div class=\"elementor-column-wrap elementor-element-populated\">\n\t\t\t\t\t\t\t<div class=\"elementor-widget-wrap\">\n\t\t\t\t\t\t<div class=\"elementor-element elementor-element-58c51dd elementor-widget elementor-widget-image\" data-id=\"58c51dd\" data-element_type=\"widget\" data-widget_type=\"image.default\">\n\t\t\t\t<div class=\"elementor-widget-container\">\n\t\t\t\t\t<div class=\"elementor-image\">\n\t\t\t\t\t\t\t\t\t\t<img width=\"500\" height=\"375\" src=\"https:\/\/www.servidormix.com\/montemuroepaiva\/wp-content\/uploads\/2020\/05\/picao-ermida.jpg\" class=\"attachment-large size-large\" alt=\"\" loading=\"lazy\" srcset=\"https:\/\/www.servidormix.com\/montemuroepaiva\/wp-content\/uploads\/2020\/05\/picao-ermida.jpg 500w, https:\/\/www.servidormix.com\/montemuroepaiva\/wp-content\/uploads\/2020\/05\/picao-ermida-300x225.jpg 300w, https:\/\/www.servidormix.com\/montemuroepaiva\/wp-content\/uploads\/2020\/05\/picao-ermida-450x338.jpg 450w\" sizes=\"(max-width: 500px) 100vw, 500px\" \/>\t\t\t\t\t\t\t\t\t\t\t<\/div>\n\t\t\t\t<\/div>\n\t\t\t\t<\/div>\n\t\t\t\t\t\t<\/div>\n\t\t\t\t\t<\/div>\n\t\t<\/div>\n\t\t\t\t<div class=\"elementor-column elementor-col-50 elementor-top-column elementor-element elementor-element-166d7ea\" data-id=\"166d7ea\" data-element_type=\"column\">\n\t\t\t<div class=\"elementor-column-wrap elementor-element-populated\">\n\t\t\t\t\t\t\t<div class=\"elementor-widget-wrap\">\n\t\t\t\t\t\t<div class=\"elementor-element elementor-element-b819f3b elementor-widget elementor-widget-text-editor\" data-id=\"b819f3b\" data-element_type=\"widget\" data-widget_type=\"text-editor.default\">\n\t\t\t\t<div class=\"elementor-widget-container\">\n\t\t\t\t\t<div class=\"elementor-text-editor elementor-clearfix\"><p>A Uni\u00e3o das Freguesias foi constitu\u00edda em 2013, no \u00e2mbito da Reforma Administrativa Nacional pela agrega\u00e7\u00e3o das ent\u00e3o freguesias de Pic\u00e3o e Ermida. Em termos populacionais tem 535 habitantes, e uma \u00e1rea de 1595,01ha. Localidades pertencentes \u00e0 Uni\u00e3o das Freguesias: Pic\u00e3o, Bogalh\u00e3o, Carvalhosa, Code\u00e7ais, Ermida, Seara, Sobradinho e Vilar.<br \/><br \/>O territ\u00f3rio da ent\u00e3o freguesia de Pic\u00e3o, no primeiro ciclo da monarquia, inclu\u00eda-se no julgado e \u201cterra\u201d de Mo\u00e7\u00e3o e na par\u00f3quia inicial de S. Jo\u00e3o de Pinheiro. Era constitu\u00eddo por tr\u00eas \u201cVilas\u201d \u2013 Gondivau, Bugalh\u00e3o e Pic\u00e3o. No que concerne a Gondivau n\u00e3o existe mem\u00f3ria, no entanto sabe-se que em 1203 foi povoada com carta de foro por D. Em\u00edgio Moniz, confirmada por D. Sancho I. Posteriormente foi de Nuno Gomes, cavaleiro-fidalgo.<br \/><br \/>As Inquiri\u00e7\u00f5es afonsinas fazem refer\u00eancia a este cavaleiro-fidalgo, mas \u00e9 atrav\u00e9s de documentos da S\u00e9 de Viseu que se pode concluir que ele viveu nos finais do s\u00e9culo XII e que foi D. Afonso Henriques quem o nomeou \u201cprestameiro\u201d de Gondivau e certamente de Bugalh\u00e3o e Pic\u00e3o. Atualmente n\u00e3o restam vest\u00edgios nem mem\u00f3ria se quer do nome de Gondivau. J\u00e1 da \u201cvila\u201d de Bugalh\u00e3o permanece o nome e preserva a ermida de S. Mamede (m\u00e1rtir de grande devo\u00e7\u00e3o bem anterior ao s\u00e9culo XII) desconhecendo-se a sua funda\u00e7\u00e3o e a de Nossa Sra da Gra\u00e7a, presume-se que sejam antiqu\u00edssimas tal como o s\u00edtio denominado \u2013 O Fojo. Perto deste passa uma velha estrada romana ou, ainda hoje designada, \u201cestrada de Bugalh\u00e3o\u201d, avistando-se o local exato onde existem vest\u00edgios da remota cal\u00e7ada denominada de Via Cova. Esta estrada sulcava a serra de S. Mac\u00e1rio passando muito perto de Ester.<br \/><br \/>Esta \u201cvila\u201d de Bugalh\u00e3o foi povoada no s\u00e9culo XII, possivelmente pelas suas tradi\u00e7\u00f5es de povoamento pr\u00e9-hist\u00f3rico e germ\u00e2nico. Era um munic\u00edpio rudimentar, de unidade tribut\u00e1ria, sujeito ao de Mo\u00e7\u00e3o. Posteriormente, Pic\u00e3o, tal como Moura Morta e Pinheiro, passaram a fazer parte de comenda da Ordem de Cristo sendo o Comendador, em 1758, Jos\u00e9 Bernardo Pereira de Arouca, possuindo os d\u00edzimos, os foros e os rendimentos. Ant\u00f3nio Correia de Azevedo, cura de Pic\u00e3o, relata uma velha tradi\u00e7\u00e3o, ainda hoje existente mas com algumas altera\u00e7\u00f5es, no que concerne ao povoamento do local: \u201cH\u00e1 mem\u00f3ria por tradi\u00e7\u00e3o antiga que el-rei Dom Dinis que Deus tenha em gl\u00f3ria, que andando examinando pelos seus Reinos, cuidado dos seus vassalos, veio a esta freguesia ao s\u00edtio chamado Bugalhom que neste tempo dizem morava l\u00e1 um lavrador, aonde se recolheu EL-REI, e dizendo ao lavrador que pedisse, este pediu que ficasse o concelho de Mo\u00e7\u00e3o livre de tributos; e deixou para mem\u00f3ria perp\u00e9tua que todos os anos, enquanto o mundo fosse mundo, o reverendo p\u00e1roco do mosteiro da Ermida lhe cantasse um responso por sua alma todos os anos na segunda ladainha de Maio, aonde chamam a Cruz da Armada que est\u00e1 em um monte alto, aonde se junta o povo da mesma freguesia e o reverendo p\u00e1roco da freguesia de Pinheiro com o povo da sua freguesia e a c\u00e2mara do concelho de Mo\u00e7\u00e3o e d\u00e1 de esmola mil e oitocentos r\u00e9is e o reverendo p\u00e1roco de Pinheiro diz todos os anos uma missa em dia de Corpus Christi pela alma dos Seren\u00edssimos Senhores Reis de Portugal e lhe d\u00e1 a mesma c\u00e2mara oitocentos r\u00e9is de esmola, o que tudo se observa sem fal\u00eancia\u201d.<br \/><br \/>Verificando-se o foral de Mo\u00e7\u00e3o segundo a reforma manuelina n\u00e3o h\u00e1 conhecimento da dispensa geral de tributos a que se refere a tradi\u00e7\u00e3o, uma vez que os direitos r\u00e9gios foram aforados ao concelho durante a Idade M\u00e9dia por 200 maravedis velhos, encontrando-se a isen\u00e7\u00e3o para Pic\u00e3o. Permanece nos dias de hoje um lugar denominado Armada alusivo a qualquer defesa castreja. No local de Bugalh\u00e3o pode-se encontrar vest\u00edgios de habita\u00e7\u00e3o incluindo uma igreja que por raz\u00f5es alheias se deslocou mais para a serra, onde se formou o povoado de Pic\u00e3o.<br \/><br \/>Pic\u00e3o de sempre se dedicou \u00e0 pastor\u00edcia e \u00e0 agricultura, bem como \u00e0 sua interessante e curiosa \u201cind\u00fastria\u201d de tecidos grosseiros, como \u00e9 o caso dos bragais da Idade M\u00e9dia, trabalhos estes executados no pis\u00e3o (\u00e9 um engenho robusto e pesado composto por dois ma\u00e7os que por a\u00e7\u00e3o de um mecanismo pr\u00f3prio batem os tecidos \u2013 pisoagem). Ainda hoje existe em Pic\u00e3o, no lugar de Fonte Branca, um enorme pis\u00e3o.<br \/><br \/>Possivelmente, a funda\u00e7\u00e3o deste mosteiro teria como objetivo a tentativa de povoamento desta regi\u00e3o uma vez que se encontrava devastada pelas lutas e despovoada devido \u00e0s condi\u00e7\u00f5es clim\u00e1ticas e pouco prop\u00edcias \u00e0 agricultura destas encostas montemuranas. N\u00e3o existe registos de quem teria passado a carta de couto da Ermida, mas, sabe-se que D. Manuel lhe passa a 9 de julho de 1514 foral assinado por Fern\u00e3o de Pina.<\/p><p>Nessa altura, o dom\u00ednio do Mosteiro abrangia as povoa\u00e7\u00f5es de Ester, Sobradinho, Carvalhosa, Vilar, Code\u00e7ais e S. Joaninho, desanexando-se apenas Ester e S. Joaninho.<\/p><\/div>\n\t\t\t\t<\/div>\n\t\t\t\t<\/div>\n\t\t\t\t\t\t<\/div>\n\t\t\t\t\t<\/div>\n\t\t<\/div>\n\t\t\t\t\t\t\t\t<\/div>\n\t\t\t\t\t<\/div>\n\t\t<\/section>\n\t\t\t\t<section class=\"elementor-section elementor-top-section elementor-element elementor-element-2df0387 elementor-section-boxed elementor-section-height-default elementor-section-height-default\" data-id=\"2df0387\" data-element_type=\"section\">\n\t\t\t\t\t\t<div class=\"elementor-container elementor-column-gap-default\">\n\t\t\t\t\t\t\t<div class=\"elementor-row\">\n\t\t\t\t\t<div class=\"elementor-column elementor-col-100 elementor-top-column elementor-element elementor-element-b1f8dcf\" data-id=\"b1f8dcf\" data-element_type=\"column\">\n\t\t\t<div class=\"elementor-column-wrap elementor-element-populated\">\n\t\t\t\t\t\t\t<div class=\"elementor-widget-wrap\">\n\t\t\t\t\t\t<div class=\"elementor-element elementor-element-e4fafef elementor-widget elementor-widget-google_maps\" data-id=\"e4fafef\" data-element_type=\"widget\" data-widget_type=\"google_maps.default\">\n\t\t\t\t<div class=\"elementor-widget-container\">\n\t\t\t<div class=\"elementor-custom-embed\"><iframe frameborder=\"0\" scrolling=\"no\" marginheight=\"0\" marginwidth=\"0\" src=\"https:\/\/maps.google.com\/maps?q=UNI%C3%83O%20DAS%20FREGUESIAS%20DE%20PIC%C3%83O%20E%20ERMIDA&amp;t=m&amp;z=13&amp;output=embed&amp;iwloc=near\" title=\"UNI\u00c3O DAS FREGUESIAS DE PIC\u00c3O E ERMIDA\" aria-label=\"UNI\u00c3O DAS FREGUESIAS DE PIC\u00c3O E ERMIDA\"><\/iframe><\/div>\t\t<\/div>\n\t\t\t\t<\/div>\n\t\t\t\t\t\t<\/div>\n\t\t\t\t\t<\/div>\n\t\t<\/div>\n\t\t\t\t\t\t\t\t<\/div>\n\t\t\t\t\t<\/div>\n\t\t<\/section>\n\t\t\t\t\t\t<\/div>\n\t\t\t\t\t\t<\/div>\n\t\t\t\t\t<\/div>\n\t\t","protected":false},"excerpt":{"rendered":"<p>UNI\u00c3O DE freguesiaS de Pic\u00e3o e Ermida A Uni\u00e3o das Freguesias foi constitu\u00edda em 2013, no \u00e2mbito da Reforma Administrativa Nacional pela agrega\u00e7\u00e3o das ent\u00e3o freguesias de Pic\u00e3o e Ermida. Em termos populacionais tem 535 habitantes, e uma \u00e1rea de 1595,01ha. Localidades pertencentes \u00e0 Uni\u00e3o das Freguesias: Pic\u00e3o, Bogalh\u00e3o, Carvalhosa, Code\u00e7ais, Ermida, Seara, Sobradinho e [&hellip;]<\/p>\n","protected":false},"author":1,"featured_media":0,"parent":0,"menu_order":0,"comment_status":"closed","ping_status":"closed","template":"","meta":[],"_links":{"self":[{"href":"https:\/\/www.servidormix.com\/montemuroepaiva\/wp-json\/wp\/v2\/pages\/20322"}],"collection":[{"href":"https:\/\/www.servidormix.com\/montemuroepaiva\/wp-json\/wp\/v2\/pages"}],"about":[{"href":"https:\/\/www.servidormix.com\/montemuroepaiva\/wp-json\/wp\/v2\/types\/page"}],"author":[{"embeddable":true,"href":"https:\/\/www.servidormix.com\/montemuroepaiva\/wp-json\/wp\/v2\/users\/1"}],"replies":[{"embeddable":true,"href":"https:\/\/www.servidormix.com\/montemuroepaiva\/wp-json\/wp\/v2\/comments?post=20322"}],"version-history":[{"count":6,"href":"https:\/\/www.servidormix.com\/montemuroepaiva\/wp-json\/wp\/v2\/pages\/20322\/revisions"}],"predecessor-version":[{"id":23235,"href":"https:\/\/www.servidormix.com\/montemuroepaiva\/wp-json\/wp\/v2\/pages\/20322\/revisions\/23235"}],"wp:attachment":[{"href":"https:\/\/www.servidormix.com\/montemuroepaiva\/wp-json\/wp\/v2\/media?parent=20322"}],"curies":[{"name":"wp","href":"https:\/\/api.w.org\/{rel}","templated":true}]}}