{"id":23391,"date":"2020-08-28T15:50:46","date_gmt":"2020-08-28T14:50:46","guid":{"rendered":"https:\/\/www.servidormix.com\/montemuroepaiva\/?page_id=23391"},"modified":"2020-09-04T17:18:02","modified_gmt":"2020-09-04T16:18:02","slug":"feira-medieval-de-moes","status":"publish","type":"page","link":"https:\/\/www.servidormix.com\/montemuroepaiva\/feira-medieval-de-moes\/","title":{"rendered":"Feira Medieval de M\u00f5es"},"content":{"rendered":"\t\t<div data-elementor-type=\"wp-page\" data-elementor-id=\"23391\" class=\"elementor elementor-23391\" data-elementor-settings=\"[]\">\n\t\t\t\t\t\t<div class=\"elementor-inner\">\n\t\t\t\t\t\t\t<div class=\"elementor-section-wrap\">\n\t\t\t\t\t\t\t<section class=\"elementor-section elementor-top-section elementor-element elementor-element-6bad5c5 elementor-section-stretched elementor-section-full_width elementor-section-height-default elementor-section-height-default\" data-id=\"6bad5c5\" data-element_type=\"section\" data-settings=\"{&quot;stretch_section&quot;:&quot;section-stretched&quot;,&quot;background_background&quot;:&quot;classic&quot;,&quot;background_motion_fx_motion_fx_scrolling&quot;:&quot;yes&quot;,&quot;background_motion_fx_translateY_effect&quot;:&quot;yes&quot;,&quot;background_motion_fx_translateY_speed&quot;:{&quot;unit&quot;:&quot;px&quot;,&quot;size&quot;:4,&quot;sizes&quot;:[]},&quot;background_motion_fx_translateY_affectedRange&quot;:{&quot;unit&quot;:&quot;%&quot;,&quot;size&quot;:&quot;&quot;,&quot;sizes&quot;:{&quot;start&quot;:0,&quot;end&quot;:100}},&quot;background_motion_fx_devices&quot;:[&quot;desktop&quot;,&quot;tablet&quot;,&quot;mobile&quot;]}\">\n\t\t\t\t\t\t\t<div class=\"elementor-background-overlay\"><\/div>\n\t\t\t\t\t\t\t<div class=\"elementor-container elementor-column-gap-default\">\n\t\t\t\t\t\t\t<div class=\"elementor-row\">\n\t\t\t\t\t<div class=\"elementor-column elementor-col-100 elementor-top-column elementor-element elementor-element-a5d794b\" data-id=\"a5d794b\" data-element_type=\"column\">\n\t\t\t<div class=\"elementor-column-wrap elementor-element-populated\">\n\t\t\t\t\t\t\t<div class=\"elementor-widget-wrap\">\n\t\t\t\t\t\t<div class=\"elementor-element elementor-element-8c2ab08 elementor-widget elementor-widget-heading\" data-id=\"8c2ab08\" data-element_type=\"widget\" data-widget_type=\"heading.default\">\n\t\t\t\t<div class=\"elementor-widget-container\">\n\t\t\t<h1 class=\"elementor-heading-title elementor-size-default\">Feira Medieval de M\u00f5es<\/h1>\t\t<\/div>\n\t\t\t\t<\/div>\n\t\t\t\t\t\t<\/div>\n\t\t\t\t\t<\/div>\n\t\t<\/div>\n\t\t\t\t\t\t\t\t<\/div>\n\t\t\t\t\t<\/div>\n\t\t<\/section>\n\t\t\t\t<section class=\"elementor-section elementor-top-section elementor-element elementor-element-e0ca08d elementor-section-stretched elementor-section-content-top elementor-section-boxed elementor-section-height-default elementor-section-height-default elementor-invisible\" data-id=\"e0ca08d\" data-element_type=\"section\" data-settings=\"{&quot;stretch_section&quot;:&quot;section-stretched&quot;,&quot;background_background&quot;:&quot;classic&quot;,&quot;animation&quot;:&quot;fadeInUp&quot;}\">\n\t\t\t\t\t\t\t<div class=\"elementor-background-overlay\"><\/div>\n\t\t\t\t\t\t\t<div class=\"elementor-container elementor-column-gap-wider\">\n\t\t\t\t\t\t\t<div class=\"elementor-row\">\n\t\t\t\t\t<div class=\"elementor-column elementor-col-50 elementor-top-column elementor-element elementor-element-7f58ba9\" data-id=\"7f58ba9\" data-element_type=\"column\">\n\t\t\t<div class=\"elementor-column-wrap elementor-element-populated\">\n\t\t\t\t\t\t\t<div class=\"elementor-widget-wrap\">\n\t\t\t\t\t\t<div class=\"elementor-element elementor-element-cb25b2a elementor-widget elementor-widget-heading\" data-id=\"cb25b2a\" data-element_type=\"widget\" data-widget_type=\"heading.default\">\n\t\t\t\t<div class=\"elementor-widget-container\">\n\t\t\t<h4 class=\"elementor-heading-title elementor-size-default\">A Feira Medieval de M\u00f5es, consiste na recria\u00e7\u00e3o hist\u00f3rica da idade Media. A feira realiza-se no segundo fim-de-semana de julho na Vila de M\u00f5es, Concelho de Castro Daire.<\/h4>\t\t<\/div>\n\t\t\t\t<\/div>\n\t\t\t\t<div class=\"elementor-element elementor-element-e4b3e0a elementor-widget elementor-widget-spacer\" data-id=\"e4b3e0a\" data-element_type=\"widget\" data-widget_type=\"spacer.default\">\n\t\t\t\t<div class=\"elementor-widget-container\">\n\t\t\t\t\t<div class=\"elementor-spacer\">\n\t\t\t<div class=\"elementor-spacer-inner\"><\/div>\n\t\t<\/div>\n\t\t\t\t<\/div>\n\t\t\t\t<\/div>\n\t\t\t\t\t\t<\/div>\n\t\t\t\t\t<\/div>\n\t\t<\/div>\n\t\t\t\t<div class=\"elementor-column elementor-col-50 elementor-top-column elementor-element elementor-element-5781faf\" data-id=\"5781faf\" data-element_type=\"column\">\n\t\t\t<div class=\"elementor-column-wrap elementor-element-populated\">\n\t\t\t\t\t\t\t<div class=\"elementor-widget-wrap\">\n\t\t\t\t\t\t<div class=\"elementor-element elementor-element-94d8c64 elementor-widget elementor-widget-text-editor\" data-id=\"94d8c64\" data-element_type=\"widget\" data-widget_type=\"text-editor.default\">\n\t\t\t\t<div class=\"elementor-widget-container\">\n\t\t\t\t\t<div class=\"elementor-text-editor elementor-clearfix\"><p><span style=\"font-weight: 400;\">Pede-se aos visitantes para encarnarem nesta viagem, para que as personagens presentes no mercado n\u00e3o sejam vistas como pessoas do presente mas sim como figuras do passado, apresentando maneiras e usos pr\u00f3prios da idade m\u00e9dia.<\/span><\/p><p><span style=\"font-weight: 400;\">O bul\u00edcio dos mercados populares, os preg\u00f5es dos bufarinheiros e dos almocreve, as ladainhas dos mendigos cruzam com as musicas dos mesteirais. Todo um ambiente de Feira que se reproduz ao pormenor nos trajes e maneiras de tendeiros e demais feirantes.<\/span><\/p><p><span style=\"font-weight: 400;\">Uma aula de hist\u00f3ria ao vivo, uma viagem no tempo.<\/span><\/p><p><span style=\"font-weight: 400;\">A gastronomia \u00e9 exclusivamente medieval nas tabernas da Feira, onde pode almo\u00e7ar, jantar ou petiscar.<\/span><\/p><\/div>\n\t\t\t\t<\/div>\n\t\t\t\t<\/div>\n\t\t\t\t<div class=\"elementor-element elementor-element-99efb3b elementor-icon-list--layout-traditional elementor-list-item-link-full_width elementor-widget elementor-widget-icon-list\" data-id=\"99efb3b\" data-element_type=\"widget\" data-widget_type=\"icon-list.default\">\n\t\t\t\t<div class=\"elementor-widget-container\">\n\t\t\t\t\t<ul class=\"elementor-icon-list-items\">\n\t\t\t\t\t\t\t<li class=\"elementor-icon-list-item\">\n\t\t\t\t\t\t\t\t\t\t\t<span class=\"elementor-icon-list-icon\">\n\t\t\t\t\t\t\t<i aria-hidden=\"true\" class=\"far fa-calendar-alt\"><\/i>\t\t\t\t\t\t<\/span>\n\t\t\t\t\t\t\t\t\t\t<span class=\"elementor-icon-list-text\">\u2022 2\u00ba fim de semana de julho<\/span>\n\t\t\t\t\t\t\t\t\t<\/li>\n\t\t\t\t\t\t<\/ul>\n\t\t\t\t<\/div>\n\t\t\t\t<\/div>\n\t\t\t\t\t\t<\/div>\n\t\t\t\t\t<\/div>\n\t\t<\/div>\n\t\t\t\t\t\t\t\t<\/div>\n\t\t\t\t\t<\/div>\n\t\t<\/section>\n\t\t\t\t<section class=\"elementor-section elementor-top-section elementor-element elementor-element-d5aef26 elementor-section-stretched elementor-section-boxed elementor-section-height-default elementor-section-height-default\" data-id=\"d5aef26\" data-element_type=\"section\" data-settings=\"{&quot;stretch_section&quot;:&quot;section-stretched&quot;}\">\n\t\t\t\t\t\t<div class=\"elementor-container elementor-column-gap-default\">\n\t\t\t\t\t\t\t<div class=\"elementor-row\">\n\t\t\t\t\t<div class=\"elementor-column elementor-col-100 elementor-top-column elementor-element elementor-element-11f7f8f\" data-id=\"11f7f8f\" data-element_type=\"column\">\n\t\t\t<div class=\"elementor-column-wrap elementor-element-populated\">\n\t\t\t\t\t\t\t<div class=\"elementor-widget-wrap\">\n\t\t\t\t\t\t<div class=\"elementor-element elementor-element-1bd439b elementor-widget elementor-widget-gallery\" data-id=\"1bd439b\" data-element_type=\"widget\" data-settings=\"{&quot;columns&quot;:3,&quot;lazyload&quot;:&quot;yes&quot;,&quot;gallery_layout&quot;:&quot;grid&quot;,&quot;columns_tablet&quot;:2,&quot;columns_mobile&quot;:1,&quot;gap&quot;:{&quot;unit&quot;:&quot;px&quot;,&quot;size&quot;:10,&quot;sizes&quot;:[]},&quot;gap_tablet&quot;:{&quot;unit&quot;:&quot;px&quot;,&quot;size&quot;:10,&quot;sizes&quot;:[]},&quot;gap_mobile&quot;:{&quot;unit&quot;:&quot;px&quot;,&quot;size&quot;:10,&quot;sizes&quot;:[]},&quot;link_to&quot;:&quot;file&quot;,&quot;aspect_ratio&quot;:&quot;3:2&quot;,&quot;overlay_background&quot;:&quot;yes&quot;,&quot;content_hover_animation&quot;:&quot;fade-in&quot;}\" data-widget_type=\"gallery.default\">\n\t\t\t\t<div class=\"elementor-widget-container\">\n\t\t\t\t\t<div class=\"elementor-gallery__container\">\n\t\t\t\t\t\t\t<a class=\"e-gallery-item elementor-gallery-item elementor-animated-content\" href=\"https:\/\/www.servidormix.com\/montemuroepaiva\/wp-content\/uploads\/2020\/08\/Feira-Medieval-de-Mo\u0303es-2.jpg\" data-elementor-open-lightbox=\"yes\" data-elementor-lightbox-slideshow=\"all-1bd439b\">\n\t\t\t\t\t<div class=\"e-gallery-image elementor-gallery-item__image\" data-thumbnail=\"https:\/\/www.servidormix.com\/montemuroepaiva\/wp-content\/uploads\/2020\/08\/Feira-Medieval-de-Mo\u0303es-2-1024x576.jpg\" data-width=\"1024\" data-height=\"576\" alt=\"\" ><\/div>\n\t\t\t\t\t\t\t\t\t\t<div class=\"elementor-gallery-item__overlay\"><\/div>\n\t\t\t\t\t\t\t\t\t\t\t\t\t\t<\/a>\n\t\t\t\t\t\t\t<a class=\"e-gallery-item elementor-gallery-item elementor-animated-content\" href=\"https:\/\/www.servidormix.com\/montemuroepaiva\/wp-content\/uploads\/2020\/08\/Feira-Medieval-de-Mo\u0303es-3.jpg\" data-elementor-open-lightbox=\"yes\" data-elementor-lightbox-slideshow=\"all-1bd439b\">\n\t\t\t\t\t<div class=\"e-gallery-image elementor-gallery-item__image\" data-thumbnail=\"https:\/\/www.servidormix.com\/montemuroepaiva\/wp-content\/uploads\/2020\/08\/Feira-Medieval-de-Mo\u0303es-3-1024x768.jpg\" data-width=\"1024\" data-height=\"768\" alt=\"\" ><\/div>\n\t\t\t\t\t\t\t\t\t\t<div class=\"elementor-gallery-item__overlay\"><\/div>\n\t\t\t\t\t\t\t\t\t\t\t\t\t\t<\/a>\n\t\t\t\t\t\t\t<a class=\"e-gallery-item elementor-gallery-item elementor-animated-content\" href=\"https:\/\/www.servidormix.com\/montemuroepaiva\/wp-content\/uploads\/2020\/08\/Feira-Medieval-de-Mo\u0303es.jpg\" data-elementor-open-lightbox=\"yes\" data-elementor-lightbox-slideshow=\"all-1bd439b\">\n\t\t\t\t\t<div class=\"e-gallery-image elementor-gallery-item__image\" data-thumbnail=\"https:\/\/www.servidormix.com\/montemuroepaiva\/wp-content\/uploads\/2020\/08\/Feira-Medieval-de-Mo\u0303es-1024x768.jpg\" data-width=\"1024\" data-height=\"768\" alt=\"\" ><\/div>\n\t\t\t\t\t\t\t\t\t\t<div class=\"elementor-gallery-item__overlay\"><\/div>\n\t\t\t\t\t\t\t\t\t\t\t\t\t\t<\/a>\n\t\t\t\t\t<\/div>\n\t\t\t<\/div>\n\t\t\t\t<\/div>\n\t\t\t\t\t\t<\/div>\n\t\t\t\t\t<\/div>\n\t\t<\/div>\n\t\t\t\t\t\t\t\t<\/div>\n\t\t\t\t\t<\/div>\n\t\t<\/section>\n\t\t\t\t\t\t<\/div>\n\t\t\t\t\t\t<\/div>\n\t\t\t\t\t<\/div>\n\t\t","protected":false},"excerpt":{"rendered":"<p>Feira Medieval de M\u00f5es A Feira Medieval de M\u00f5es, consiste na recria\u00e7\u00e3o hist\u00f3rica da idade Media. A feira realiza-se no segundo fim-de-semana de julho na Vila de M\u00f5es, Concelho de Castro Daire. Pede-se aos visitantes para encarnarem nesta viagem, para que as personagens presentes no mercado n\u00e3o sejam vistas como pessoas do presente mas sim [&hellip;]<\/p>\n","protected":false},"author":4,"featured_media":23395,"parent":0,"menu_order":0,"comment_status":"closed","ping_status":"closed","template":"","meta":[],"_links":{"self":[{"href":"https:\/\/www.servidormix.com\/montemuroepaiva\/wp-json\/wp\/v2\/pages\/23391"}],"collection":[{"href":"https:\/\/www.servidormix.com\/montemuroepaiva\/wp-json\/wp\/v2\/pages"}],"about":[{"href":"https:\/\/www.servidormix.com\/montemuroepaiva\/wp-json\/wp\/v2\/types\/page"}],"author":[{"embeddable":true,"href":"https:\/\/www.servidormix.com\/montemuroepaiva\/wp-json\/wp\/v2\/users\/4"}],"replies":[{"embeddable":true,"href":"https:\/\/www.servidormix.com\/montemuroepaiva\/wp-json\/wp\/v2\/comments?post=23391"}],"version-history":[{"count":6,"href":"https:\/\/www.servidormix.com\/montemuroepaiva\/wp-json\/wp\/v2\/pages\/23391\/revisions"}],"predecessor-version":[{"id":23731,"href":"https:\/\/www.servidormix.com\/montemuroepaiva\/wp-json\/wp\/v2\/pages\/23391\/revisions\/23731"}],"wp:featuredmedia":[{"embeddable":true,"href":"https:\/\/www.servidormix.com\/montemuroepaiva\/wp-json\/wp\/v2\/media\/23395"}],"wp:attachment":[{"href":"https:\/\/www.servidormix.com\/montemuroepaiva\/wp-json\/wp\/v2\/media?parent=23391"}],"curies":[{"name":"wp","href":"https:\/\/api.w.org\/{rel}","templated":true}]}}