{"id":21082,"date":"2020-06-08T09:23:51","date_gmt":"2020-06-08T08:23:51","guid":{"rendered":"https:\/\/www.servidormix.com\/montemuroepaiva\/?post_type=product&#038;p=21082"},"modified":"2021-07-07T16:51:09","modified_gmt":"2021-07-07T15:51:09","slug":"magia-das-termas","status":"publish","type":"product","link":"https:\/\/www.servidormix.com\/montemuroepaiva\/pacotes-turisticos\/magia-das-termas\/","title":{"rendered":"A Magia das Termas"},"content":{"rendered":"\t\t<div data-elementor-type=\"product-post\" data-elementor-id=\"21082\" class=\"elementor elementor-21082\" data-elementor-settings=\"[]\">\n\t\t\t\t\t\t<div class=\"elementor-inner\">\n\t\t\t\t\t\t\t<div class=\"elementor-section-wrap\">\n\t\t\t\t\t\t\t<section class=\"elementor-section elementor-top-section elementor-element elementor-element-7ad2916 elementor-section-boxed elementor-section-height-default elementor-section-height-default\" data-id=\"7ad2916\" data-element_type=\"section\" data-settings=\"{&quot;background_background&quot;:&quot;classic&quot;}\">\n\t\t\t\t\t\t<div class=\"elementor-container elementor-column-gap-default\">\n\t\t\t\t\t\t\t<div class=\"elementor-row\">\n\t\t\t\t\t<div class=\"elementor-column elementor-col-100 elementor-top-column elementor-element elementor-element-ca3b110\" data-id=\"ca3b110\" data-element_type=\"column\">\n\t\t\t<div class=\"elementor-column-wrap elementor-element-populated\">\n\t\t\t\t\t\t\t<div class=\"elementor-widget-wrap\">\n\t\t\t\t\t\t<div class=\"elementor-element elementor-element-4fc0d3f elementor-widget elementor-widget-text-editor\" data-id=\"4fc0d3f\" data-element_type=\"widget\" data-widget_type=\"text-editor.default\">\n\t\t\t\t<div class=\"elementor-widget-container\">\n\t\t\t\t\t<div class=\"elementor-text-editor elementor-clearfix\"><p><strong>01<\/strong> &#8211; Ao realizar a pr\u00e9-reserva \/ valida\u00e7\u00e3o de disponibilidade <span style=\"text-decoration: underline;\">n\u00e3o ter\u00e1 que realizar qualquer pagamento neste momento<\/span>.<\/p><p><strong>02<\/strong> &#8211; A <b>valida\u00e7\u00e3o<\/b>\u00a0d<strong>e disponibilidade \u00e9 realizada de forma personalizada por um dos nossos assistentes de reservas<\/strong>, que o(a) ir\u00e1 contactar\u00a0telefonicamente num <strong>prazo de 72 horas<\/strong> a fim de o informar da disponibilidade do alojamento e de todas as experi\u00eancias envolvidas no pacote, nesse momento decidir\u00e1 se pretende efectivar a reserva.<\/p><p><strong>03<\/strong> &#8211; Para qualquer d\u00favida contacte o\u00a0<span style=\"font-weight: bold;\">+351 933 942 763<\/span>\u00a0(Whatsapp \/ SMS \/ Telefone) ou <a href=\"mailto:helpdesk@visitcastrodaire.com\" target=\"_blank\" rel=\"noopener\" data-mt-detrack-inspected=\"true\" data-mt-detrack-attachment-inspected=\"true\">helpdesk@visitcastrodaire.com<\/a><\/p><\/div>\n\t\t\t\t<\/div>\n\t\t\t\t<\/div>\n\t\t\t\t\t\t<\/div>\n\t\t\t\t\t<\/div>\n\t\t<\/div>\n\t\t\t\t\t\t\t\t<\/div>\n\t\t\t\t\t<\/div>\n\t\t<\/section>\n\t\t\t\t<section class=\"elementor-section elementor-top-section elementor-element elementor-element-89a4d1a elementor-section-boxed elementor-section-height-default elementor-section-height-default\" data-id=\"89a4d1a\" data-element_type=\"section\">\n\t\t\t\t\t\t<div class=\"elementor-container elementor-column-gap-default\">\n\t\t\t\t\t\t\t<div class=\"elementor-row\">\n\t\t\t\t\t<div class=\"elementor-column elementor-col-100 elementor-top-column elementor-element elementor-element-ba954c3\" data-id=\"ba954c3\" data-element_type=\"column\">\n\t\t\t<div class=\"elementor-column-wrap elementor-element-populated\">\n\t\t\t\t\t\t\t<div class=\"elementor-widget-wrap\">\n\t\t\t\t\t\t<div class=\"elementor-element elementor-element-af28f93 elementor-widget elementor-widget-heading\" data-id=\"af28f93\" data-element_type=\"widget\" data-widget_type=\"heading.default\">\n\t\t\t\t<div class=\"elementor-widget-container\">\n\t\t\t<h3 class=\"elementor-heading-title elementor-size-default\">Conhe\u00e7a o seu pacote tur\u00edstico<\/h3>\t\t<\/div>\n\t\t\t\t<\/div>\n\t\t\t\t\t\t<\/div>\n\t\t\t\t\t<\/div>\n\t\t<\/div>\n\t\t\t\t\t\t\t\t<\/div>\n\t\t\t\t\t<\/div>\n\t\t<\/section>\n\t\t\t\t<section class=\"elementor-section elementor-top-section elementor-element elementor-element-73180b5 elementor-section-boxed elementor-section-height-default elementor-section-height-default\" data-id=\"73180b5\" data-element_type=\"section\">\n\t\t\t\t\t\t<div class=\"elementor-container elementor-column-gap-default\">\n\t\t\t\t\t\t\t<div class=\"elementor-row\">\n\t\t\t\t\t<div class=\"elementor-column elementor-col-50 elementor-top-column elementor-element elementor-element-cd5edb9\" data-id=\"cd5edb9\" data-element_type=\"column\">\n\t\t\t<div class=\"elementor-column-wrap elementor-element-populated\">\n\t\t\t\t\t\t\t<div class=\"elementor-widget-wrap\">\n\t\t\t\t\t\t<div class=\"elementor-element elementor-element-2c93ed2 elementor-widget elementor-widget-text-editor\" data-id=\"2c93ed2\" data-element_type=\"widget\" data-widget_type=\"text-editor.default\">\n\t\t\t\t<div class=\"elementor-widget-container\">\n\t\t\t\t\t<div class=\"elementor-text-editor elementor-clearfix\"><p><b>PROGRAMA DIA 1:<\/b><\/p>\n<ul>\n<li>Rece\u00e7\u00e3o nas <a href=\"http:\/\/termasdocarvalhal.com\/\" target=\"_blank\" rel=\"noopener\">Termas Carvalhal<\/a><\/li>\n<li>Massagem geral e facial com \u00f3leos essenciais de lavanda | Hidromassagem Computorizada<\/li>\n<li><strong>Degusta\u00e7\u00e3o de Bolo Podre e Ch\u00e1 Biol\u00f3gico<\/strong>, podendo optar por um dos parceiros:<br><em>\u2013 Forno da Serra (Castro Daire)<\/em><br><em>\u2013 Celeiro do P\u00e3o (Castro Daire)<\/em><br><em>\u2013 Cantinho das \u00c1guas (Termas do Carvalhal)<\/em><br><\/li>\n<li>Visita guiada ao <a title=\"Centro de Interpreta\u00e7\u00e3o e Informa\u00e7\u00e3o Montemuro Paiva\" href=\"https:\/\/www.servidormix.com\/montemuroepaiva\/centro-interpretacao-montemuro-paiva\/\" target=\"_blank\" rel=\"noopener\">Centro de Interpreta\u00e7\u00e3o e Informa\u00e7\u00e3o do Montemuro e Paiva<\/a><\/li>\n<li>Visita Guiada ao <a title=\"Museu Municipal\" href=\"https:\/\/www.servidormix.com\/montemuroepaiva\/museu-municipal\/\">Museu Municipal<\/a><\/li>\n<li>Visita Guiada ao <strong>Centro Hist\u00f3rico de Castro Daire<\/strong><\/li>\n<li>Estadia na Unidade de Alojamento selecionado<\/li>\n<\/ul><\/div>\n\t\t\t\t<\/div>\n\t\t\t\t<\/div>\n\t\t\t\t\t\t<\/div>\n\t\t\t\t\t<\/div>\n\t\t<\/div>\n\t\t\t\t<div class=\"elementor-column elementor-col-50 elementor-top-column elementor-element elementor-element-3ad033b\" data-id=\"3ad033b\" data-element_type=\"column\">\n\t\t\t<div class=\"elementor-column-wrap elementor-element-populated\">\n\t\t\t\t\t\t\t<div class=\"elementor-widget-wrap\">\n\t\t\t\t\t\t<div class=\"elementor-element elementor-element-e39e6be elementor-widget elementor-widget-text-editor\" data-id=\"e39e6be\" data-element_type=\"widget\" data-widget_type=\"text-editor.default\">\n\t\t\t\t<div class=\"elementor-widget-container\">\n\t\t\t\t\t<div class=\"elementor-text-editor elementor-clearfix\"><p><strong>PROGRAMA DIA 2:<\/strong><\/p><ul><li>Massagem Vichy Local | Hidromassagem Computorizada | Massagem Facial<\/li><li>Visita \u00e0 <strong>Cooperativa de Artes\u00e3os do Montemuro (Mezio)<\/strong><\/li><li>Visita \u00e0 <strong>Cooperativa Capuchinhas<\/strong><\/li><\/ul><\/div>\n\t\t\t\t<\/div>\n\t\t\t\t<\/div>\n\t\t\t\t\t\t<\/div>\n\t\t\t\t\t<\/div>\n\t\t<\/div>\n\t\t\t\t\t\t\t\t<\/div>\n\t\t\t\t\t<\/div>\n\t\t<\/section>\n\t\t\t\t<section class=\"elementor-section elementor-top-section elementor-element elementor-element-754ad7e elementor-section-boxed elementor-section-height-default elementor-section-height-default\" data-id=\"754ad7e\" data-element_type=\"section\">\n\t\t\t\t\t\t<div class=\"elementor-container elementor-column-gap-default\">\n\t\t\t\t\t\t\t<div class=\"elementor-row\">\n\t\t\t\t\t<div class=\"elementor-column elementor-col-100 elementor-top-column elementor-element elementor-element-c3915c7\" data-id=\"c3915c7\" data-element_type=\"column\">\n\t\t\t<div class=\"elementor-column-wrap elementor-element-populated\">\n\t\t\t\t\t\t\t<div class=\"elementor-widget-wrap\">\n\t\t\t\t\t\t<div class=\"elementor-element elementor-element-2624d13 elementor-widget elementor-widget-spacer\" data-id=\"2624d13\" data-element_type=\"widget\" data-widget_type=\"spacer.default\">\n\t\t\t\t<div class=\"elementor-widget-container\">\n\t\t\t\t\t<div class=\"elementor-spacer\">\n\t\t\t<div class=\"elementor-spacer-inner\"><\/div>\n\t\t<\/div>\n\t\t\t\t<\/div>\n\t\t\t\t<\/div>\n\t\t\t\t<div class=\"elementor-element elementor-element-4eb7429 elementor--h-position-center elementor--v-position-middle elementor-arrows-position-inside elementor-pagination-position-inside elementor-widget elementor-widget-slides\" data-id=\"4eb7429\" data-element_type=\"widget\" data-settings=\"{&quot;navigation&quot;:&quot;both&quot;,&quot;autoplay&quot;:&quot;yes&quot;,&quot;pause_on_hover&quot;:&quot;yes&quot;,&quot;pause_on_interaction&quot;:&quot;yes&quot;,&quot;autoplay_speed&quot;:5000,&quot;infinite&quot;:&quot;yes&quot;,&quot;transition&quot;:&quot;slide&quot;,&quot;transition_speed&quot;:500}\" data-widget_type=\"slides.default\">\n\t\t\t\t<div class=\"elementor-widget-container\">\n\t\t\t\t\t<div class=\"elementor-swiper\">\n\t\t\t<div class=\"elementor-slides-wrapper elementor-main-swiper swiper-container\" dir=\"ltr\" data-animation=\"fadeInUp\">\n\t\t\t\t<div class=\"swiper-wrapper elementor-slides\">\n\t\t\t\t\t<div class=\"elementor-repeater-item-0e1b54b swiper-slide\"><div class=\"swiper-slide-bg\"><\/div><div class=\"swiper-slide-inner\" ><div class=\"swiper-slide-contents\"><div class=\"elementor-slide-description\">Termas do Carvalhal<\/div><\/div><\/div><\/div><div class=\"elementor-repeater-item-63c2823 swiper-slide\"><div class=\"swiper-slide-bg\"><\/div><div class=\"swiper-slide-inner\" ><div class=\"swiper-slide-contents\"><div class=\"elementor-slide-description\">Termas do Carvalhal - Massagem Facial<\/div><\/div><\/div><\/div><div class=\"elementor-repeater-item-57a183b swiper-slide\"><div class=\"swiper-slide-bg\"><\/div><div class=\"swiper-slide-inner\" ><div class=\"swiper-slide-contents\"><div class=\"elementor-slide-description\">Termas do Carvalhal<\/div><\/div><\/div><\/div><div class=\"elementor-repeater-item-b8a0d97 swiper-slide\"><div class=\"swiper-slide-bg\"><\/div><div class=\"swiper-slide-inner\" ><div class=\"swiper-slide-contents\"><div class=\"elementor-slide-description\">Massagem Local<\/div><\/div><\/div><\/div><div class=\"elementor-repeater-item-f74ea9b swiper-slide\"><div class=\"swiper-slide-bg\"><\/div><div class=\"swiper-slide-inner\" ><div class=\"swiper-slide-contents\"><div class=\"elementor-slide-description\">Igreja Matriz de Castro Daire<\/div><\/div><\/div><\/div><div class=\"elementor-repeater-item-87bbbf0 swiper-slide\"><div class=\"swiper-slide-bg\"><\/div><div class=\"swiper-slide-inner\" ><div class=\"swiper-slide-contents\"><div class=\"elementor-slide-description\">Edificio das Termas<\/div><\/div><\/div><\/div><div class=\"elementor-repeater-item-033764a swiper-slide\"><div class=\"swiper-slide-bg\"><\/div><div class=\"swiper-slide-inner\" ><div class=\"swiper-slide-contents\"><div class=\"elementor-slide-description\">CIIMP<\/div><\/div><\/div><\/div><div class=\"elementor-repeater-item-41ab690 swiper-slide\"><div class=\"swiper-slide-bg\"><\/div><div class=\"elementor-background-overlay\"><\/div><div class=\"swiper-slide-inner\" ><div class=\"swiper-slide-contents\"><div class=\"elementor-slide-description\">Capuchinhas<\/div><\/div><\/div><\/div><div class=\"elementor-repeater-item-98989d1 swiper-slide\"><div class=\"swiper-slide-bg\"><\/div><div class=\"swiper-slide-inner\" ><div class=\"swiper-slide-contents\"><div class=\"elementor-slide-description\">Buvete - Termas<\/div><\/div><\/div><\/div><div class=\"elementor-repeater-item-3e02f62 swiper-slide\"><div class=\"swiper-slide-bg\"><\/div><div class=\"swiper-slide-inner\" ><div class=\"swiper-slide-contents\"><div class=\"elementor-slide-description\">Bolo Podre<\/div><\/div><\/div><\/div><div class=\"elementor-repeater-item-3df8e94 swiper-slide\"><div class=\"swiper-slide-bg\"><\/div><div class=\"swiper-slide-inner\" ><div class=\"swiper-slide-contents\"><div class=\"elementor-slide-description\">Artesa\u0303os do Montemuro<\/div><\/div><\/div><\/div><div class=\"elementor-repeater-item-fa13f73 swiper-slide\"><div class=\"swiper-slide-bg\"><\/div><div class=\"swiper-slide-inner\" ><div class=\"swiper-slide-contents\"><div class=\"elementor-slide-description\">Artesanto - Museu Municipal<\/div><\/div><\/div><\/div>\t\t\t\t<\/div>\n\t\t\t\t\t\t\t\t\t\t\t\t\t\t\t<div class=\"swiper-pagination\"><\/div>\n\t\t\t\t\t\t\t\t\t\t\t\t\t\t\t\t<div class=\"elementor-swiper-button elementor-swiper-button-prev\">\n\t\t\t\t\t\t\t<i class=\"eicon-chevron-left\" aria-hidden=\"true\"><\/i>\n\t\t\t\t\t\t\t<span class=\"elementor-screen-only\">Previous<\/span>\n\t\t\t\t\t\t<\/div>\n\t\t\t\t\t\t<div class=\"elementor-swiper-button elementor-swiper-button-next\">\n\t\t\t\t\t\t\t<i class=\"eicon-chevron-right\" aria-hidden=\"true\"><\/i>\n\t\t\t\t\t\t\t<span class=\"elementor-screen-only\">Next<\/span>\n\t\t\t\t\t\t<\/div>\n\t\t\t\t\t\t\t\t\t\t\t\t<\/div>\n\t\t<\/div>\n\t\t\t\t<\/div>\n\t\t\t\t<\/div>\n\t\t\t\t<div class=\"elementor-element elementor-element-5bae177 elementor-widget elementor-widget-heading\" data-id=\"5bae177\" data-element_type=\"widget\" data-widget_type=\"heading.default\">\n\t\t\t\t<div class=\"elementor-widget-container\">\n\t\t\t<h2 class=\"elementor-heading-title elementor-size-default\">A MAGIA DAS TERMAS<\/h2>\t\t<\/div>\n\t\t\t\t<\/div>\n\t\t\t\t<div class=\"elementor-element elementor-element-6aef77b elementor-widget elementor-widget-text-editor\" data-id=\"6aef77b\" data-element_type=\"widget\" data-widget_type=\"text-editor.default\">\n\t\t\t\t<div class=\"elementor-widget-container\">\n\t\t\t\t\t<div class=\"elementor-text-editor elementor-clearfix\"><h4>As Termas do Carvalhal simbolizam a s\u00edntese perfeita da rela\u00e7\u00e3o sustent\u00e1vel entre a natureza e o homem, revelando-se o local ideal para cuidar da sua sa\u00fade e usufruir de momentos de pura descontra\u00e7\u00e3o e bem-estar revitalizando o corpo e a mente.<\/h4>\nExperimente dois dias de harmonia, plenos de aromas e sensa\u00e7\u00f5es e deixe-se encantar pela magia do momento. Tudo o que est\u00e1 a precisar!\n\nBeneficie das propriedades terap\u00eauticas e da riqueza mineral da \u00e1gua. Conhe\u00e7a aldeias \u00fanicas, locais genu\u00ednos com saberes ancestrais que valorizam a identidade do povo, cultura e tradi\u00e7\u00f5es, onde o artesanato e a gastronomia s\u00e3o uma refer\u00eancia a n\u00edvel local e regional. Desfrute do sabor pleno de harmonia proporcionado pela combina\u00e7\u00e3o do Bolo Podre e ch\u00e1s biol\u00f3gicos.\n\nLeve consigo esta experi\u00eancia e partilhe-a, ficamos com a certeza que voltar\u00e1&#8230;\n<\/div>\n\t\t\t\t<\/div>\n\t\t\t\t<\/div>\n\t\t\t\t\t\t<\/div>\n\t\t\t\t\t<\/div>\n\t\t<\/div>\n\t\t\t\t\t\t\t\t<\/div>\n\t\t\t\t\t<\/div>\n\t\t<\/section>\n\t\t\t\t<section class=\"elementor-section elementor-top-section elementor-element elementor-element-1f59d3a elementor-section-boxed elementor-section-height-default elementor-section-height-default\" data-id=\"1f59d3a\" data-element_type=\"section\">\n\t\t\t\t\t\t<div class=\"elementor-container elementor-column-gap-default\">\n\t\t\t\t\t\t\t<div class=\"elementor-row\">\n\t\t\t\t\t<div class=\"elementor-column elementor-col-100 elementor-top-column elementor-element elementor-element-1e96d5b\" data-id=\"1e96d5b\" data-element_type=\"column\">\n\t\t\t<div class=\"elementor-column-wrap\">\n\t\t\t\t\t\t\t<div class=\"elementor-widget-wrap\">\n\t\t\t\t\t\t\t\t<\/div>\n\t\t\t\t\t<\/div>\n\t\t<\/div>\n\t\t\t\t\t\t\t\t<\/div>\n\t\t\t\t\t<\/div>\n\t\t<\/section>\n\t\t\t\t\t\t<\/div>\n\t\t\t\t\t\t<\/div>\n\t\t\t\t\t<\/div>\n\t\t","protected":false},"excerpt":{"rendered":"<p><strong>Programa 2 Dias \/ 1 Noite (2 Pessoas)<br \/>\n<\/strong>Experimente dois dias de harmonia, plenos de aromas e sensa\u00e7\u00f5es e deixe-se encantar pela magia do momento. Tudo o que est\u00e1 a precisar!<\/p>\n","protected":false},"featured_media":20930,"template":"","meta":[],"_links":{"self":[{"href":"https:\/\/www.servidormix.com\/montemuroepaiva\/wp-json\/wp\/v2\/product\/21082"}],"collection":[{"href":"https:\/\/www.servidormix.com\/montemuroepaiva\/wp-json\/wp\/v2\/product"}],"about":[{"href":"https:\/\/www.servidormix.com\/montemuroepaiva\/wp-json\/wp\/v2\/types\/product"}],"version-history":[{"count":25,"href":"https:\/\/www.servidormix.com\/montemuroepaiva\/wp-json\/wp\/v2\/product\/21082\/revisions"}],"predecessor-version":[{"id":24858,"href":"https:\/\/www.servidormix.com\/montemuroepaiva\/wp-json\/wp\/v2\/product\/21082\/revisions\/24858"}],"wp:featuredmedia":[{"embeddable":true,"href":"https:\/\/www.servidormix.com\/montemuroepaiva\/wp-json\/wp\/v2\/media\/20930"}],"wp:attachment":[{"href":"https:\/\/www.servidormix.com\/montemuroepaiva\/wp-json\/wp\/v2\/media?parent=21082"}],"curies":[{"name":"wp","href":"https:\/\/api.w.org\/{rel}","templated":true}]}}