{"id":22783,"date":"2020-08-24T23:45:10","date_gmt":"2020-08-24T22:45:10","guid":{"rendered":"https:\/\/www.servidormix.com\/montemuroepaiva\/?post_type=product&#038;p=22783"},"modified":"2021-07-06T16:16:12","modified_gmt":"2021-07-06T15:16:12","slug":"estrada-nacional2","status":"publish","type":"product","link":"https:\/\/www.servidormix.com\/montemuroepaiva\/pacotes-turisticos\/estrada-nacional2\/","title":{"rendered":"Nacional 2 &#8211; Uma Experi\u00eancia M\u00edtica"},"content":{"rendered":"\t\t<div data-elementor-type=\"product-post\" data-elementor-id=\"22783\" class=\"elementor elementor-22783\" data-elementor-settings=\"[]\">\n\t\t\t\t\t\t<div class=\"elementor-inner\">\n\t\t\t\t\t\t\t<div class=\"elementor-section-wrap\">\n\t\t\t\t\t\t\t<section class=\"elementor-section elementor-top-section elementor-element elementor-element-916d6f6 elementor-section-boxed elementor-section-height-default elementor-section-height-default\" data-id=\"916d6f6\" data-element_type=\"section\" data-settings=\"{&quot;background_background&quot;:&quot;classic&quot;}\">\n\t\t\t\t\t\t<div class=\"elementor-container elementor-column-gap-default\">\n\t\t\t\t\t\t\t<div class=\"elementor-row\">\n\t\t\t\t\t<div class=\"elementor-column elementor-col-100 elementor-top-column elementor-element elementor-element-b476dad\" data-id=\"b476dad\" data-element_type=\"column\">\n\t\t\t<div class=\"elementor-column-wrap elementor-element-populated\">\n\t\t\t\t\t\t\t<div class=\"elementor-widget-wrap\">\n\t\t\t\t\t\t<div class=\"elementor-element elementor-element-d1625de elementor-widget elementor-widget-text-editor\" data-id=\"d1625de\" data-element_type=\"widget\" data-widget_type=\"text-editor.default\">\n\t\t\t\t<div class=\"elementor-widget-container\">\n\t\t\t\t\t<div class=\"elementor-text-editor elementor-clearfix\"><p><strong>01<\/strong> &#8211; Ao realizar a pr\u00e9-reserva \/ valida\u00e7\u00e3o de disponibilidade <span style=\"text-decoration: underline;\">n\u00e3o ter\u00e1 que realizar qualquer pagamento neste momento<\/span>.\n<\/p>\n<strong>02<\/strong> &#8211; A <b>valida\u00e7\u00e3o<\/b>\u00a0d<strong>e disponibilidade \u00e9 realizada de forma personalizada por um dos nossos assistentes de reservas<\/strong>, que o(a) ir\u00e1 contactar\u00a0telefonicamente num <strong>prazo de 72 horas<\/strong> a fim de o informar da disponibilidade do alojamento e de todas as experi\u00eancias envolvidas no pacote, nesse momento decidir\u00e1 se pretende efectivar a reserva.\n<\/p><p>\n<strong>03<\/strong> &#8211; Para qualquer d\u00favida contacte o\u00a0<span style=\"font-weight: bold;\">+351 933 942 763<\/span>\u00a0(Whatsapp \/ SMS \/ Telefone) ou <a href=\"mailto:helpdesk@visitcastrodaire.com\" target=\"_blank\" rel=\"noopener\" data-mt-detrack-inspected=\"true\" data-mt-detrack-attachment-inspected=\"true\">helpdesk@visitcastrodaire.com<\/a>\n<\/p>\n<b>*Pre\u00e7o exclusivo para a op\u00e7\u00e3o Parque de Campismo<\/div>\n\t\t\t\t<\/div>\n\t\t\t\t<\/div>\n\t\t\t\t\t\t<\/div>\n\t\t\t\t\t<\/div>\n\t\t<\/div>\n\t\t\t\t\t\t\t\t<\/div>\n\t\t\t\t\t<\/div>\n\t\t<\/section>\n\t\t\t\t<section class=\"elementor-section elementor-top-section elementor-element elementor-element-4443de6 elementor-section-boxed elementor-section-height-default elementor-section-height-default\" data-id=\"4443de6\" data-element_type=\"section\">\n\t\t\t\t\t\t<div class=\"elementor-container elementor-column-gap-default\">\n\t\t\t\t\t\t\t<div class=\"elementor-row\">\n\t\t\t\t\t<div class=\"elementor-column elementor-col-100 elementor-top-column elementor-element elementor-element-ed87865\" data-id=\"ed87865\" data-element_type=\"column\">\n\t\t\t<div class=\"elementor-column-wrap elementor-element-populated\">\n\t\t\t\t\t\t\t<div class=\"elementor-widget-wrap\">\n\t\t\t\t\t\t<div class=\"elementor-element elementor-element-2535891 elementor-widget elementor-widget-heading\" data-id=\"2535891\" data-element_type=\"widget\" data-widget_type=\"heading.default\">\n\t\t\t\t<div class=\"elementor-widget-container\">\n\t\t\t<h3 class=\"elementor-heading-title elementor-size-default\">Conhe\u00e7a o pacote tur\u00edstico<\/h3>\t\t<\/div>\n\t\t\t\t<\/div>\n\t\t\t\t\t\t<\/div>\n\t\t\t\t\t<\/div>\n\t\t<\/div>\n\t\t\t\t\t\t\t\t<\/div>\n\t\t\t\t\t<\/div>\n\t\t<\/section>\n\t\t\t\t<section class=\"elementor-section elementor-top-section elementor-element elementor-element-6aba26b elementor-section-boxed elementor-section-height-default elementor-section-height-default\" data-id=\"6aba26b\" data-element_type=\"section\">\n\t\t\t\t\t\t<div class=\"elementor-container elementor-column-gap-default\">\n\t\t\t\t\t\t\t<div class=\"elementor-row\">\n\t\t\t\t\t<div class=\"elementor-column elementor-col-50 elementor-top-column elementor-element elementor-element-15cd85a\" data-id=\"15cd85a\" data-element_type=\"column\">\n\t\t\t<div class=\"elementor-column-wrap elementor-element-populated\">\n\t\t\t\t\t\t\t<div class=\"elementor-widget-wrap\">\n\t\t\t\t\t\t<div class=\"elementor-element elementor-element-853dfd9 elementor-widget elementor-widget-text-editor\" data-id=\"853dfd9\" data-element_type=\"widget\" data-widget_type=\"text-editor.default\">\n\t\t\t\t<div class=\"elementor-widget-container\">\n\t\t\t\t\t<div class=\"elementor-text-editor elementor-clearfix\"><p><b>PROGRAMA DIA 1:<\/b><\/p>\n<ul>\n<li>Visita Guiada <a style=\"font-family: inherit; font-size: inherit;\" href=\"https:\/\/www.visitcastrodaire.pt\/centro-interpretacao-montemuro-paiva\" target=\"_blank\" rel=\"noopener\">Centro de Interpreta\u00e7\u00e3o e Informa\u00e7\u00e3o do Montemuro e Paiva<\/a><\/li>\n<li>Visita Guiada ao <strong>Centro Hist\u00f3rico<\/strong><\/li>\n<li>Visita Guiada \u00e0 <strong>Ermida do Paiva<\/strong><\/li>\n<li><b>Degusta\u00e7\u00e3o de Bolo Podre e Ch\u00e1 Biol\u00f3gico, <\/b>podendo optar por um dos parceiros:<br><em>&#8211; Forno da Serra (Castro Daire)<\/em><br><em>&#8211; Celeiro do P\u00e3o (Castro Daire)<\/em><br><em>&#8211; Cantinho das \u00c1guas (Termas do Carvalhal)<\/em><\/li>\n<li>Estadia na Unidade de Alojamento selecionado<\/li>\n<\/ul><\/div>\n\t\t\t\t<\/div>\n\t\t\t\t<\/div>\n\t\t\t\t\t\t<\/div>\n\t\t\t\t\t<\/div>\n\t\t<\/div>\n\t\t\t\t<div class=\"elementor-column elementor-col-50 elementor-top-column elementor-element elementor-element-0999fce\" data-id=\"0999fce\" data-element_type=\"column\">\n\t\t\t<div class=\"elementor-column-wrap elementor-element-populated\">\n\t\t\t\t\t\t\t<div class=\"elementor-widget-wrap\">\n\t\t\t\t\t\t<div class=\"elementor-element elementor-element-616f680 elementor-widget elementor-widget-text-editor\" data-id=\"616f680\" data-element_type=\"widget\" data-widget_type=\"text-editor.default\">\n\t\t\t\t<div class=\"elementor-widget-container\">\n\t\t\t\t\t<div class=\"elementor-text-editor elementor-clearfix\"><p><strong>PROGRAMA DIA 2:<\/strong><\/p><ul><li><strong>Programa Termal &#8220;M\u00edtico&#8221;<\/strong> nas <a href=\"http:\/\/termasdocarvalhal.com\/\" target=\"_blank\" rel=\"noopener\">Termas do Carvalhal<\/a> (pode seleccionar um dos programas):<br \/><span style=\"text-decoration: underline;\">Op\u00e7\u00e3o 1<\/span> &#8211; Massagem Vichy + Hidromassagem + Massagem Facial<br \/><span style=\"text-decoration: underline;\">Op\u00e7\u00e3o 2<\/span> &#8211; Massagem Geral + Hidromassagem<\/li><\/ul><\/div>\n\t\t\t\t<\/div>\n\t\t\t\t<\/div>\n\t\t\t\t\t\t<\/div>\n\t\t\t\t\t<\/div>\n\t\t<\/div>\n\t\t\t\t\t\t\t\t<\/div>\n\t\t\t\t\t<\/div>\n\t\t<\/section>\n\t\t\t\t<section class=\"elementor-section elementor-top-section elementor-element elementor-element-2f8dbf5 elementor-section-boxed elementor-section-height-default elementor-section-height-default\" data-id=\"2f8dbf5\" data-element_type=\"section\">\n\t\t\t\t\t\t<div class=\"elementor-container elementor-column-gap-default\">\n\t\t\t\t\t\t\t<div class=\"elementor-row\">\n\t\t\t\t\t<div class=\"elementor-column elementor-col-100 elementor-top-column elementor-element elementor-element-1a8a2f9\" data-id=\"1a8a2f9\" data-element_type=\"column\">\n\t\t\t<div class=\"elementor-column-wrap elementor-element-populated\">\n\t\t\t\t\t\t\t<div class=\"elementor-widget-wrap\">\n\t\t\t\t\t\t<div class=\"elementor-element elementor-element-135eb1e elementor-widget elementor-widget-spacer\" data-id=\"135eb1e\" data-element_type=\"widget\" data-widget_type=\"spacer.default\">\n\t\t\t\t<div class=\"elementor-widget-container\">\n\t\t\t\t\t<div class=\"elementor-spacer\">\n\t\t\t<div class=\"elementor-spacer-inner\"><\/div>\n\t\t<\/div>\n\t\t\t\t<\/div>\n\t\t\t\t<\/div>\n\t\t\t\t<div class=\"elementor-element elementor-element-b80efd6 elementor--h-position-center elementor--v-position-middle elementor-arrows-position-inside elementor-pagination-position-inside elementor-widget elementor-widget-slides\" data-id=\"b80efd6\" data-element_type=\"widget\" data-settings=\"{&quot;navigation&quot;:&quot;both&quot;,&quot;autoplay&quot;:&quot;yes&quot;,&quot;pause_on_hover&quot;:&quot;yes&quot;,&quot;pause_on_interaction&quot;:&quot;yes&quot;,&quot;autoplay_speed&quot;:5000,&quot;infinite&quot;:&quot;yes&quot;,&quot;transition&quot;:&quot;slide&quot;,&quot;transition_speed&quot;:500}\" data-widget_type=\"slides.default\">\n\t\t\t\t<div class=\"elementor-widget-container\">\n\t\t\t\t\t<div class=\"elementor-swiper\">\n\t\t\t<div class=\"elementor-slides-wrapper elementor-main-swiper swiper-container\" dir=\"ltr\" data-animation=\"fadeInUp\">\n\t\t\t\t<div class=\"swiper-wrapper elementor-slides\">\n\t\t\t\t\t<div class=\"elementor-repeater-item-57a183b swiper-slide\"><div class=\"swiper-slide-bg\"><\/div><div class=\"swiper-slide-inner\" ><div class=\"swiper-slide-contents\"><\/div><\/div><\/div><div class=\"elementor-repeater-item-b8a0d97 swiper-slide\"><div class=\"swiper-slide-bg\"><\/div><div class=\"swiper-slide-inner\" ><div class=\"swiper-slide-contents\"><\/div><\/div><\/div><div class=\"elementor-repeater-item-0e1b54b swiper-slide\"><div class=\"swiper-slide-bg\"><\/div><div class=\"swiper-slide-inner\" ><div class=\"swiper-slide-contents\"><div class=\"elementor-slide-description\">Termas do Carvalhal<\/div><\/div><\/div><\/div><div class=\"elementor-repeater-item-63c2823 swiper-slide\"><div class=\"swiper-slide-bg\"><\/div><div class=\"swiper-slide-inner\" ><div class=\"swiper-slide-contents\"><div class=\"elementor-slide-description\">Termas do Carvalhal<\/div><\/div><\/div><\/div><div class=\"elementor-repeater-item-f74ea9b swiper-slide\"><div class=\"swiper-slide-bg\"><\/div><div class=\"swiper-slide-inner\" ><div class=\"swiper-slide-contents\"><\/div><\/div><\/div><div class=\"elementor-repeater-item-033764a swiper-slide\"><div class=\"swiper-slide-bg\"><\/div><div class=\"swiper-slide-inner\" ><div class=\"swiper-slide-contents\"><\/div><\/div><\/div><div class=\"elementor-repeater-item-41ab690 swiper-slide\"><div class=\"swiper-slide-bg\"><\/div><div class=\"swiper-slide-inner\" ><div class=\"swiper-slide-contents\"><div class=\"elementor-slide-description\">Interior da  Igreja Matriz<\/div><\/div><\/div><\/div><div class=\"elementor-repeater-item-98989d1 swiper-slide\"><div class=\"swiper-slide-bg\"><\/div><div class=\"swiper-slide-inner\" ><div class=\"swiper-slide-contents\"><div class=\"elementor-slide-description\">Interior da Igreja Matriz de Castro Daire<\/div><\/div><\/div><\/div><div class=\"elementor-repeater-item-3e02f62 swiper-slide\"><div class=\"swiper-slide-bg\"><\/div><div class=\"swiper-slide-inner\" ><div class=\"swiper-slide-contents\"><div class=\"elementor-slide-description\">Ermida<\/div><\/div><\/div><\/div><div class=\"elementor-repeater-item-3df8e94 swiper-slide\"><div class=\"swiper-slide-bg\"><\/div><div class=\"swiper-slide-inner\" ><div class=\"swiper-slide-contents\"><div class=\"elementor-slide-description\">Ermida - Interior<\/div><\/div><\/div><\/div><div class=\"elementor-repeater-item-59372d7 swiper-slide\"><div class=\"swiper-slide-bg\"><\/div><div class=\"swiper-slide-inner\" ><div class=\"swiper-slide-contents\"><div class=\"elementor-slide-description\">CIIMP<\/div><\/div><\/div><\/div><div class=\"elementor-repeater-item-ebc4b50 swiper-slide\"><div class=\"swiper-slide-bg\"><\/div><div class=\"swiper-slide-inner\" ><div class=\"swiper-slide-contents\"><div class=\"elementor-slide-description\">Centro Hist\u00f3rico<\/div><\/div><\/div><\/div><div class=\"elementor-repeater-item-f5c5c29 swiper-slide\"><div class=\"swiper-slide-bg\"><\/div><div class=\"swiper-slide-inner\" ><div class=\"swiper-slide-contents\"><div class=\"elementor-slide-description\">Castro Daire<\/div><\/div><\/div><\/div><div class=\"elementor-repeater-item-96150c6 swiper-slide\"><div class=\"swiper-slide-bg\"><\/div><div class=\"swiper-slide-inner\" ><div class=\"swiper-slide-contents\"><div class=\"elementor-slide-description\">Bolo Podre<\/div><\/div><\/div><\/div>\t\t\t\t<\/div>\n\t\t\t\t\t\t\t\t\t\t\t\t\t\t\t<div class=\"swiper-pagination\"><\/div>\n\t\t\t\t\t\t\t\t\t\t\t\t\t\t\t\t<div class=\"elementor-swiper-button elementor-swiper-button-prev\">\n\t\t\t\t\t\t\t<i class=\"eicon-chevron-left\" aria-hidden=\"true\"><\/i>\n\t\t\t\t\t\t\t<span class=\"elementor-screen-only\">Previous<\/span>\n\t\t\t\t\t\t<\/div>\n\t\t\t\t\t\t<div class=\"elementor-swiper-button elementor-swiper-button-next\">\n\t\t\t\t\t\t\t<i class=\"eicon-chevron-right\" aria-hidden=\"true\"><\/i>\n\t\t\t\t\t\t\t<span class=\"elementor-screen-only\">Next<\/span>\n\t\t\t\t\t\t<\/div>\n\t\t\t\t\t\t\t\t\t\t\t\t<\/div>\n\t\t<\/div>\n\t\t\t\t<\/div>\n\t\t\t\t<\/div>\n\t\t\t\t<div class=\"elementor-element elementor-element-d21b593 elementor-widget elementor-widget-text-editor\" data-id=\"d21b593\" data-element_type=\"widget\" data-widget_type=\"text-editor.default\">\n\t\t\t\t<div class=\"elementor-widget-container\">\n\t\t\t\t\t<div class=\"elementor-text-editor elementor-clearfix\"><h4>A oportunidade de percorrer e ficar a conhecer a mais longa estrada do pa\u00eds chegou! Viaje na EN2, fa\u00e7a uma paragem em Castro Daire e viva novas experi\u00eancia partindo \u00e0 descoberta deste territ\u00f3rio m\u00e1gico.<\/h4>\n<p>Percorra esta rota m\u00edtica que proporciona paisagens deslumbrantes, e aproveite em dois dias o que Castro Daire tem para oferecer.&nbsp;<span style=\"font-size: 1rem;\">Visite locais hist\u00f3ricos, monumentos imponentes e conhe\u00e7a uma cultura diferente que representa a identidade de um povo, que ainda hoje se manifesta com as suas tradi\u00e7\u00f5es. Saboreia uma gastronomia rica e aut\u00eantica, e contacte com gentes genu\u00ednas com h\u00e1bito de bem receber.&nbsp;<\/span><span style=\"font-size: 1rem;\">Conhe\u00e7a a Serra do Montemuro e o Rio Paiva, locais que guardam como tesouro uma biodiversidade \u00fanica. A pensar em si, este programa contempla uma degusta\u00e7\u00e3o do Bolo Podre de sabor \u00edmpar&#8230;&nbsp;<\/span><span style=\"font-size: 1rem;\">Desfrute de momentos de bem-estar com a massagem \u201cm\u00edtica\u201d nas termas do Carvalhal.&nbsp;<\/span><span style=\"font-size: 1rem;\">Embarque j\u00e1 na aventura da Estrada Nacional 2 e viva uma experi\u00eancia inesquec\u00edvel&#8230;<\/span><\/p><\/div>\n\t\t\t\t<\/div>\n\t\t\t\t<\/div>\n\t\t\t\t\t\t<\/div>\n\t\t\t\t\t<\/div>\n\t\t<\/div>\n\t\t\t\t\t\t\t\t<\/div>\n\t\t\t\t\t<\/div>\n\t\t<\/section>\n\t\t\t\t\t\t<\/div>\n\t\t\t\t\t\t<\/div>\n\t\t\t\t\t<\/div>\n\t\t","protected":false},"excerpt":{"rendered":"<p><strong>Programa 2 Dias \/ 1 Noite (2 Pessoas) <\/strong><br \/>Percorra esta rota m\u00edtica que proporciona paisagens deslumbrantes, e aproveite em dois dias o que Castro Daire tem para oferecer.<\/br><\/p>\n","protected":false},"featured_media":22796,"template":"","meta":[],"_links":{"self":[{"href":"https:\/\/www.servidormix.com\/montemuroepaiva\/wp-json\/wp\/v2\/product\/22783"}],"collection":[{"href":"https:\/\/www.servidormix.com\/montemuroepaiva\/wp-json\/wp\/v2\/product"}],"about":[{"href":"https:\/\/www.servidormix.com\/montemuroepaiva\/wp-json\/wp\/v2\/types\/product"}],"version-history":[{"count":15,"href":"https:\/\/www.servidormix.com\/montemuroepaiva\/wp-json\/wp\/v2\/product\/22783\/revisions"}],"predecessor-version":[{"id":24489,"href":"https:\/\/www.servidormix.com\/montemuroepaiva\/wp-json\/wp\/v2\/product\/22783\/revisions\/24489"}],"wp:featuredmedia":[{"embeddable":true,"href":"https:\/\/www.servidormix.com\/montemuroepaiva\/wp-json\/wp\/v2\/media\/22796"}],"wp:attachment":[{"href":"https:\/\/www.servidormix.com\/montemuroepaiva\/wp-json\/wp\/v2\/media?parent=22783"}],"curies":[{"name":"wp","href":"https:\/\/api.w.org\/{rel}","templated":true}]}}